{"id":9268,"date":"2025-05-26T11:04:49","date_gmt":"2025-05-26T14:04:49","guid":{"rendered":"https:\/\/cpp.com.ar\/formacion\/?page_id=9268"},"modified":"2025-08-27T23:00:44","modified_gmt":"2025-08-28T02:00:44","slug":"cambio-en-terapia-estrategica","status":"publish","type":"page","link":"https:\/\/cpp.com.ar\/formacion\/formacion-clinica-terapia-breve-estrategica\/cambio-en-terapia-estrategica\/","title":{"rendered":"C\u00f3mo y cu\u00e1ndo cambian las personas"},"content":{"rendered":"<section class=\"wpb-content-wrapper\"><p>[vc_section css=\u00bb.vc_custom_1737483325998{background-image: url(https:\/\/cpp.com.ar\/formacion\/wp-content\/uploads\/sites\/3\/2018\/04\/pat1.png?id=30) !important;}\u00bb][vc_row][vc_column width=\u00bb2\/3&#8243;]<style type=\"text\/css\" scoped>#ut_custom_heading69f0f9bef3c3e { color:#0a0a0a; }#ut_custom_heading69f0f9bef3c3e { font-size:50px; }#ut_custom_heading69f0f9bef3c3e { font-weight:600; }#ut_custom_heading69f0f9bef3c3e { text-align:left; }#ut_custom_heading69f0f9bef3c3e span { border-bottom-style:solid;border-bottom-color:#0a0a0a;border-bottom-width:3px;padding-bottom:20px;display:inline-block; }<\/style><h2 id=\"ut_custom_heading69f0f9bef3c3e\" class=\"ut-custom-heading-module  \" ><span>C\u00f3mo y cu\u00e1ndo cambian las personas<\/span><\/h2><style type=\"text\/css\" scoped>#ut_custom_heading69f0f9bef3c61 { color:#000000; }#ut_custom_heading69f0f9bef3c61 { font-size:25px; }#ut_custom_heading69f0f9bef3c61 { line-height:120%; }#ut_custom_heading69f0f9bef3c61 { text-align:left; }<\/style><p id=\"ut_custom_heading69f0f9bef3c61\" class=\"ut-custom-heading-module  \" ><span>Cambio en terapia estrat\u00e9gica. \u00bfC\u00f3mo acompa\u00f1ar un cambio terap\u00e9utico sin empujar ni dirigir? Este curso propone una primera aproximaci\u00f3n a modos no directivos de promover el cambio en el consultante, integrando herramientas de la entrevista motivacional al marco de la terapia estrat\u00e9gica. <\/span><\/p>[vc_column_text]<i>*Este curso otorga 30 cr\u00e9ditos para la formaci\u00f3n cl\u00ednica en terapia breve estrat\u00e9gica<\/i>[\/vc_column_text][vc_column_text]<strong>Inscripciones cerradas. \u00bfQueres m\u00e1s info? Dejanos tus datos <a href=\"#consultas\">aqu\u00ed<\/a><\/strong>[\/vc_column_text][\/vc_column][vc_column width=\u00bb1\/3&#8243;]<div class=\"wpb_content_element   clearfix\">            \r\n            <script type=\"text\/javascript\">\r\n                \r\n                (function($){\r\n                    \r\n                    $(document).ready(function(){\r\n                        \r\n                                                                        \r\n                        function get_animated_objects( $all_appeared_elements, effect ) {\r\n                            \r\n                            var counter = 0;\r\n                            \r\n                            $all_appeared_elements.each(function(){\r\n                                        \r\n                                if( $(this).hasClass(effect) ) {\r\n\r\n                                    counter++;\r\n\r\n                                }\r\n\r\n                            });\r\n                            \r\n                            return counter;\r\n                            \r\n                        }\r\n                        \r\n                          \r\n                    });\r\n                        \r\n                })(jQuery);\r\n            \r\n            <\/script>\r\n            \r\n            <style type=\"text\/css\" scoped>#ut_ig_69f0f9bef3c89 .ut-lazy:not(.ut-image-loaded) + .ut-video-module-loading { display:block; }#ut_ig_69f0f9bef3c89 .ut-lazy.ut-image-loaded + .ut-video-module-loading { display:none; }<\/style><div id=\"ut_ig_69f0f9bef3c89\" class=\"ut-image-gallery  clearfix\"><div  data-count=\"1\" class=\"ut-image-gallery-item ut-animation-done grid-100 tablet-grid-100 mobile-grid-100 \"><a  class=\"ut-vc-images-lightbox\"  data-exthumbimage=\"https:\/\/cpp.com.ar\/formacion\/wp-content\/uploads\/sites\/3\/2025\/05\/cambio-150x150.png\" href=\"https:\/\/cpp.com.ar\/formacion\/wp-content\/uploads\/sites\/3\/2025\/05\/cambio.png\"><div class=\"ut-image-gallery-image\"><img  class=\"\" src=\"https:\/\/cpp.com.ar\/formacion\/wp-content\/uploads\/sites\/3\/2025\/05\/cambio.png\" width=\"300\" height=\"350\"><\/div><\/a><\/div><div class=\"clear\"><\/div><\/div><\/div>[\/vc_column][\/vc_row][\/vc_section][vc_section css=\u00bb.vc_custom_1531359830548{border-bottom-width: 1px !important;}\u00bb][vc_row][vc_column width=\u00bb1\/6&#8243;][\/vc_column][vc_column width=\u00bb2\/3&#8243;]<style type=\"text\/css\" scoped>#ut_custom_heading69f0f9bef40b4 { color:#ffffff; }#ut_custom_heading69f0f9bef40b4 { font-size:20px; }#ut_custom_heading69f0f9bef40b4 { text-align:center; }<\/style><h3 id=\"ut_custom_heading69f0f9bef40b4\" class=\"ut-custom-heading-module   vc_custom_1742239244791\" ><span>Curso online sincr\u00f3nico por Zoom<\/span><\/h3><style type=\"text\/css\" scoped>#ut_custom_heading69f0f9bef40c9 { color:#0a0a0a; }#ut_custom_heading69f0f9bef40c9 { font-size:15px; }#ut_custom_heading69f0f9bef40c9 { font-weight:bold; }#ut_custom_heading69f0f9bef40c9 { text-align:left; }<\/style><p id=\"ut_custom_heading69f0f9bef40c9\" class=\"ut-custom-heading-module  \" ><span>Muchas veces, lo que bloquea el cambio no es la falta de deseo, sino c\u00f3mo se lo propone. En este curso, el Dr. Marcelo Kornberg te invita a repensar la intervenci\u00f3n terap\u00e9utica desde una perspectiva estrat\u00e9gica y no directiva.<\/p>\n<p>A trav\u00e9s de la entrevista motivacional y su integraci\u00f3n con herramientas de la terapia estrat\u00e9gica, aprender\u00e1s a crear el contexto adecuado para que el cambio surja del consultante, sin imponerlo ni forzarlo.<\/p>\n<p>Veremos c\u00f3mo peque\u00f1os ajustes en el lenguaje, el tipo de preguntas y la actitud cl\u00ednica pueden marcar una gran diferencia en la evoluci\u00f3n de los casos.<br \/>\n<\/span><\/p>[vc_empty_space height=\u00bb20px\u00bb]<style type=\"text\/css\" scoped>#ut_custom_heading69f0f9bef40d9 { color:#0a0a0a; }#ut_custom_heading69f0f9bef40d9 { font-size:30px; }#ut_custom_heading69f0f9bef40d9 { font-weight:bold; }#ut_custom_heading69f0f9bef40d9 { text-align:left; }<\/style><h2 id=\"ut_custom_heading69f0f9bef40d9\" class=\"ut-custom-heading-module  \" ><span>\u00bfQu\u00e9 vas a aprender?<\/span><\/h2><style type=\"text\/css\" scoped>#ut_custom_heading69f0f9bef40e8 { color:#0a0a0a; }#ut_custom_heading69f0f9bef40e8 { font-size:15px; }#ut_custom_heading69f0f9bef40e8 { line-height:200%; }#ut_custom_heading69f0f9bef40e8 { text-align:left; }<\/style><p id=\"ut_custom_heading69f0f9bef40e8\" class=\"ut-custom-heading-module  \" ><span>\u2705 Los fundamentos te\u00f3ricos de la entrevista motivacional y su aplicaci\u00f3n cl\u00ednica.<br \/>\n\u2705 C\u00f3mo intervenir sin caer en una posici\u00f3n \u201cpro cambio\u201d que genere resistencia.<br \/>\n\u2705 Herramientas clave como el modelo OARS y las tres \u00e1reas del cambio.<br \/>\n\u2705 T\u00e9cnicas para transformar conversaciones de no-cambio en conversaciones de cambio.<br \/>\n\u2705 Estrategias para trabajar con la ambivalencia y la resistencia del consultante.<\/span><\/p><style type=\"text\/css\" scoped>#ut_custom_heading69f0f9bef40f6 { color:#0a0a0a; }#ut_custom_heading69f0f9bef40f6 { font-size:15px; }#ut_custom_heading69f0f9bef40f6 { font-weight:bold; }#ut_custom_heading69f0f9bef40f6 { text-align:left; }<\/style><p id=\"ut_custom_heading69f0f9bef40f6\" class=\"ut-custom-heading-module  \" ><span>Todas las unidades ser\u00e1n trabajadas con articulaci\u00f3n entre teor\u00eda y pr\u00e1ctica, por medio de material cl\u00ednico concreto: vi\u00f1etas cl\u00ednicas, sesiones videograbadas, dramatizaciones y supervisiones.<\/span><\/p>[vc_empty_space height=\u00bb20px\u00bb]<style type=\"text\/css\" scoped>#bklyn_btn_69f0f9bef4123 .bklyn-btn { color:#0a0a0a; border-color:#000000; border-width:2px; border-radius:9px; }#bklyn_btn_69f0f9bef4123 .bklyn-btn:hover{ color:#605f5f; border-color:#605f5f; }#bklyn_btn_69f0f9bef4123 .bklyn-btn:focus{ color:#605f5f; border-color:#605f5f; }#bklyn_btn_69f0f9bef4123 .bklyn-btn:active { color:#605f5f; border-color:#605f5f; }<\/style><div id=\"bklyn_btn_69f0f9bef4123\" class=\"bklyn-btn-holder  bklyn-btn-left\"><a title=\"\"   href=\"#consultas\" target=\"_self\" class=\"bklyn-btn bklyn-btn-outline bklyn-btn-normal\" >Consult\u00e1 m\u00e1s detalles<\/a><\/div>[\/vc_column][vc_column width=\u00bb1\/6&#8243;][\/vc_column][\/vc_row][vc_row css=\u00bb.vc_custom_1737483308471{background-color: #d7d9d5 !important;}\u00bb][vc_column width=\u00bb1\/3&#8243;]<div class=\"wpb_content_element \"><div id=\"utbx_o_69f0f9bef4168\" class=\"ut-service-icon-box  clearfix  ut-service-icon-box-center\"><style type=\"text\/css\" scoped>#utbx_69f0f9bef4167 { background:#00cdb5; }#utbx_69f0f9bef4167:hover { background: #2FC0D7; } #utbx_69f0f9bef4167:after { box-shadow: 0 0 0 4px #2FC0D7; } <\/style><div class=\"ut-highlight-icon-wrap ut-highlight-icon-effect\"><a id=\"utbx_69f0f9bef4167\" data-id=\"utbx_69f0f9bef4167\" data-hovercolor=\"#2FC0D7\"  data-effect=\"fadeInRight\" data-animateonce=\"yes\" data-delay=\"0\" class=\"ut-highlight-icon ut-animate-element animated ut-no-animation-tablet ut-no-animation-mobile fa fa-calendar\" href=\"#\" target=\"_blank\"><\/a><\/div><\/div><\/div>[vc_column_text]<\/p>\n<h4 style=\"text-align: center;\"><strong>Inscripciones cerradas. \u00bfQueres m\u00e1s info? Dejanos tus datos <a href=\"#consultas\">aqu\u00ed<\/a><\/strong><\/h4>\n<p>[\/vc_column_text][\/vc_column][vc_column width=\u00bb1\/3&#8243;]<div class=\"wpb_content_element \"><div id=\"utbx_o_69f0f9bef4197\" class=\"ut-service-icon-box  clearfix  ut-service-icon-box-center\"><style type=\"text\/css\" scoped>#utbx_69f0f9bef4196 { background:#00cdb5; }#utbx_69f0f9bef4196:hover { background: #2FC0D7; } #utbx_69f0f9bef4196:after { box-shadow: 0 0 0 4px #2FC0D7; } <\/style><div class=\"ut-highlight-icon-wrap ut-highlight-icon-effect\"><a id=\"utbx_69f0f9bef4196\" data-id=\"utbx_69f0f9bef4196\" data-hovercolor=\"#2FC0D7\"  data-effect=\"fadeInRight\" data-animateonce=\"yes\" data-delay=\"0\" class=\"ut-highlight-icon ut-animate-element animated ut-no-animation-tablet ut-no-animation-mobile fa fa-users\" href=\"#\" target=\"_blank\"><\/a><\/div><\/div><\/div>[vc_column_text]<\/p>\n<h4 style=\"text-align: center;\">Dirigido a:<\/h4>\n<p style=\"text-align: center;\">Psic\u00f3logos, psicopedagogos, psiquiatras y dem\u00e1s profesionales de la salud mental<\/p>\n<p>[\/vc_column_text][\/vc_column][vc_column width=\u00bb1\/3&#8243;]<div class=\"wpb_content_element \"><div id=\"utbx_o_69f0f9bef41bd\" class=\"ut-service-icon-box  clearfix  ut-service-icon-box-center\"><style type=\"text\/css\" scoped>#utbx_69f0f9bef41bc { background:#00cdb5; }#utbx_69f0f9bef41bc:hover { background: #2FC0D7; } #utbx_69f0f9bef41bc:after { box-shadow: 0 0 0 4px #2FC0D7; } <\/style><div class=\"ut-highlight-icon-wrap ut-highlight-icon-effect\"><a id=\"utbx_69f0f9bef41bc\" data-id=\"utbx_69f0f9bef41bc\" data-hovercolor=\"#2FC0D7\"  data-effect=\"fadeInRight\" data-animateonce=\"yes\" data-delay=\"0\" class=\"ut-highlight-icon ut-animate-element animated ut-no-animation-tablet ut-no-animation-mobile fa fa-paper-plane-o\" href=\"#\" target=\"_blank\"><\/a><\/div><\/div><\/div>[vc_column_text]<\/p>\n<h4 style=\"text-align: center;\">Plan de estudios:<\/h4>\n<p style=\"text-align: center;\">4 clases de 2 horas de duraci\u00f3n cada una<\/p>\n<p>[\/vc_column_text][\/vc_column][\/vc_row][vc_row css=\u00bb.vc_custom_1737331316635{margin-top: 0px !important;margin-right: 0px !important;margin-bottom: 0px !important;margin-left: 0px !important;}\u00bb][vc_column width=\u00bb1\/4&#8243; css=\u00bb.vc_custom_1737331380243{margin-top: 100px !important;}\u00bb]<div class=\"wpb_content_element   clearfix\">            \r\n            <script type=\"text\/javascript\">\r\n                \r\n                (function($){\r\n                    \r\n                    $(document).ready(function(){\r\n                        \r\n                                                                        \r\n                        function get_animated_objects( $all_appeared_elements, effect ) {\r\n                            \r\n                            var counter = 0;\r\n                            \r\n                            $all_appeared_elements.each(function(){\r\n                                        \r\n                                if( $(this).hasClass(effect) ) {\r\n\r\n                                    counter++;\r\n\r\n                                }\r\n\r\n                            });\r\n                            \r\n                            return counter;\r\n                            \r\n                        }\r\n                        \r\n                          \r\n                    });\r\n                        \r\n                })(jQuery);\r\n            \r\n            <\/script>\r\n            \r\n            <style type=\"text\/css\" scoped>#ut_ig_69f0f9bef41e5 .ut-lazy:not(.ut-image-loaded) + .ut-video-module-loading { display:block; }#ut_ig_69f0f9bef41e5 .ut-lazy.ut-image-loaded + .ut-video-module-loading { display:none; }<\/style><div id=\"ut_ig_69f0f9bef41e5\" class=\"ut-image-gallery  clearfix\"><div  data-count=\"1\" class=\"ut-image-gallery-item ut-animation-done grid-100 tablet-grid-100 mobile-grid-100 \"><a  class=\"ut-vc-images-lightbox\"  data-exthumbimage=\"https:\/\/cpp.com.ar\/formacion\/wp-content\/uploads\/sites\/3\/2025\/01\/6-1-150x150.jpg\" href=\"https:\/\/cpp.com.ar\/formacion\/wp-content\/uploads\/sites\/3\/2025\/01\/6-1.jpg\"><div class=\"ut-image-gallery-image\"><img  class=\"\" src=\"https:\/\/cpp.com.ar\/formacion\/wp-content\/uploads\/sites\/3\/2025\/01\/6-1.jpg\" width=\"300\" height=\"350\"><\/div><\/a><\/div><div class=\"clear\"><\/div><\/div><\/div>[\/vc_column][vc_column width=\u00bb3\/4&#8243; css=\u00bb.vc_custom_1737477303083{margin-top: 100px !important;margin-right: 200px !important;margin-bottom: 100px !important;margin-left: 100px !important;}\u00bb]<style type=\"text\/css\" scoped>#ut_custom_heading69f0f9bf00378 { color:#0a0a0a; }#ut_custom_heading69f0f9bf00378 { font-size:31px; }#ut_custom_heading69f0f9bf00378 { font-weight:600; }#ut_custom_heading69f0f9bf00378 { text-align:left; }<\/style><p id=\"ut_custom_heading69f0f9bf00378\" class=\"ut-custom-heading-module  \" ><span>\u00bfPor qu\u00e9 elegir este curso?<\/span><\/p>[vc_empty_space height=\u00bb20px\u00bb]<style type=\"text\/css\" scoped>#ut_custom_heading69f0f9bf0038c { color:#0a0a0a; }#ut_custom_heading69f0f9bf0038c { font-size:19px; }#ut_custom_heading69f0f9bf0038c { font-weight:normal; }#ut_custom_heading69f0f9bf0038c { line-height:170%; }#ut_custom_heading69f0f9bf0038c { text-align:left; }<\/style><p id=\"ut_custom_heading69f0f9bf0038c\" class=\"ut-custom-heading-module   vc_custom_1738687021249\" ><span>\u2705 <strong>Flexibilidad:<\/strong> Curs\u00e1 de manera independiente o como parte del programa de formaci\u00f3n completo.<br \/>\n\u2705 <strong>Certificaci\u00f3n:<\/strong> Obten\u00e9 un certificado al finalizar este curso, y si complet\u00e1s los 300 cr\u00e9ditos, acced\u00e9s al certificado de \u00abFormaci\u00f3n Cl\u00ednica en Terapia Breve Estrat\u00e9gica\u00bb.<br \/>\n\u2705 <strong>Metodolog\u00eda Pr\u00e1ctica:<\/strong> Clases con an\u00e1lisis de casos videograbados reales y herramientas listas para aplicar.<br \/>\n\u2705 <strong>Modalidad Online:<\/strong> Aprende desde cualquier lugar, con clases en vivo v\u00eda Zoom. Con acceso al aula virtual.<\/span><\/p>[\/vc_column][\/vc_row][vc_row css=\u00bb.vc_custom_1737152029275{background-color: #d7d9d5 !important;}\u00bb][vc_column width=\u00bb1\/6&#8243;][\/vc_column][vc_column width=\u00bb2\/3&#8243;]<style type=\"text\/css\" scoped>#ut_custom_heading69f0f9bf003a0 { color:#0a0a0a; }#ut_custom_heading69f0f9bf003a0 { font-size:31px; }#ut_custom_heading69f0f9bf003a0 { font-weight:600; }#ut_custom_heading69f0f9bf003a0 { text-align:center; }<\/style><p id=\"ut_custom_heading69f0f9bf003a0\" class=\"ut-custom-heading-module  \" ><span>Contenidos:<\/span><\/p>[vc_row_inner][vc_column_inner][vc_column_text]<\/p>\n<p data-start=\"1259\" data-end=\"1340\"><strong data-start=\"1259\" data-end=\"1272\">Unidad 1:<\/strong> Entrevista motivacional: origen, marco te\u00f3rico, nociones b\u00e1sicas.<\/p>\n<p data-start=\"1343\" data-end=\"1426\"><strong data-start=\"1343\" data-end=\"1356\">Unidad 2:<\/strong> C\u00f3mo evitar ponerse \u201cpro cambio\u201d. El OARS y las 3 \u00e1reas del cambio.<\/p>\n<p data-start=\"1429\" data-end=\"1499\"><strong data-start=\"1429\" data-end=\"1440\">Extras:<\/strong> Casos cl\u00ednicos en video + role playing pr\u00e1ctico en grupos.<\/p>\n<p>[\/vc_column_text][\/vc_column_inner][\/vc_row_inner][\/vc_column][vc_column width=\u00bb1\/6&#8243;][\/vc_column][\/vc_row][vc_row][vc_column]<style type=\"text\/css\" scoped>#ut_custom_heading69f0f9bf003b0 { color:#0a0a0a; }#ut_custom_heading69f0f9bf003b0 { font-size:31px; }#ut_custom_heading69f0f9bf003b0 { font-weight:600; }#ut_custom_heading69f0f9bf003b0 { text-align:center; }<\/style><p id=\"ut_custom_heading69f0f9bf003b0\" class=\"ut-custom-heading-module  \" ><span>Docentes:<\/span><\/p>[vc_row_inner][vc_column_inner width=\u00bb1\/4&#8243;][\/vc_column_inner][vc_column_inner width=\u00bb1\/4&#8243;]<div class=\"wpb_content_element   clearfix\">            \r\n            <script type=\"text\/javascript\">\r\n                \r\n                (function($){\r\n                    \r\n                    $(document).ready(function(){\r\n                        \r\n                                                                        \r\n                        function get_animated_objects( $all_appeared_elements, effect ) {\r\n                            \r\n                            var counter = 0;\r\n                            \r\n                            $all_appeared_elements.each(function(){\r\n                                        \r\n                                if( $(this).hasClass(effect) ) {\r\n\r\n                                    counter++;\r\n\r\n                                }\r\n\r\n                            });\r\n                            \r\n                            return counter;\r\n                            \r\n                        }\r\n                        \r\n                          \r\n                    });\r\n                        \r\n                })(jQuery);\r\n            \r\n            <\/script>\r\n            \r\n            <style type=\"text\/css\" scoped>#ut_ig_69f0f9bf003c8 .ut-lazy:not(.ut-image-loaded) + .ut-video-module-loading { display:block; }#ut_ig_69f0f9bf003c8 .ut-lazy.ut-image-loaded + .ut-video-module-loading { display:none; }<\/style><div id=\"ut_ig_69f0f9bf003c8\" class=\"ut-image-gallery  clearfix\"><div  data-count=\"1\" class=\"ut-image-gallery-item ut-animation-done grid-100 tablet-grid-100 mobile-grid-100 \"><a  class=\"ut-vc-images-lightbox\"  data-exthumbimage=\"https:\/\/cpp.com.ar\/formacion\/wp-content\/uploads\/sites\/3\/2025\/07\/3-150x150.png\" href=\"https:\/\/cpp.com.ar\/formacion\/wp-content\/uploads\/sites\/3\/2025\/07\/3.png\"><div class=\"ut-image-gallery-image\"><img  class=\"\" src=\"https:\/\/cpp.com.ar\/formacion\/wp-content\/uploads\/sites\/3\/2025\/07\/3.png\" width=\"200\" height=\"200\"><\/div><\/a><\/div><div class=\"clear\"><\/div><\/div><\/div>[vc_column_text]<\/p>\n<h3 style=\"text-align: center;\"><\/h3>\n<h3 style=\"text-align: center;\">Lic. Mar\u00eda Florencia Victorica<\/h3>\n<p>[\/vc_column_text][vc_column_text]<\/p>\n<div style=\"text-align: center;\">Psic\u00f3loga. Terapeuta individual, de parejas y familias, con orientaci\u00f3n sist\u00e9mica.<br data-start=\"264\" data-end=\"267\" \/>Cuenta con amplia experiencia cl\u00ednica y se desempe\u00f1a tambi\u00e9n como supervisora de profesionales en formaci\u00f3n.<\/div>\n<p>[\/vc_column_text][\/vc_column_inner][vc_column_inner width=\u00bb1\/4&#8243;]<div class=\"wpb_content_element   clearfix\">            \r\n            <script type=\"text\/javascript\">\r\n                \r\n                (function($){\r\n                    \r\n                    $(document).ready(function(){\r\n                        \r\n                                                                        \r\n                        function get_animated_objects( $all_appeared_elements, effect ) {\r\n                            \r\n                            var counter = 0;\r\n                            \r\n                            $all_appeared_elements.each(function(){\r\n                                        \r\n                                if( $(this).hasClass(effect) ) {\r\n\r\n                                    counter++;\r\n\r\n                                }\r\n\r\n                            });\r\n                            \r\n                            return counter;\r\n                            \r\n                        }\r\n                        \r\n                          \r\n                    });\r\n                        \r\n                })(jQuery);\r\n            \r\n            <\/script>\r\n            \r\n            <style type=\"text\/css\" scoped>#ut_ig_69f0f9bf0085c .ut-lazy:not(.ut-image-loaded) + .ut-video-module-loading { display:block; }#ut_ig_69f0f9bf0085c .ut-lazy.ut-image-loaded + .ut-video-module-loading { display:none; }<\/style><div id=\"ut_ig_69f0f9bf0085c\" class=\"ut-image-gallery  clearfix\"><div  data-count=\"1\" class=\"ut-image-gallery-item ut-animation-done grid-100 tablet-grid-100 mobile-grid-100 \"><a  class=\"ut-vc-images-lightbox\"  data-exthumbimage=\"https:\/\/cpp.com.ar\/formacion\/wp-content\/uploads\/sites\/3\/2025\/07\/4-150x150.png\" href=\"https:\/\/cpp.com.ar\/formacion\/wp-content\/uploads\/sites\/3\/2025\/07\/4.png\"><div class=\"ut-image-gallery-image\"><img  class=\"\" src=\"https:\/\/cpp.com.ar\/formacion\/wp-content\/uploads\/sites\/3\/2025\/07\/4.png\" width=\"200\" height=\"200\"><\/div><\/a><\/div><div class=\"clear\"><\/div><\/div><\/div>[vc_column_text]<\/p>\n<h3 style=\"text-align: center;\"><\/h3>\n<h3 style=\"text-align: center;\"><strong>Dr. Marcelo Kornberg<\/strong><\/h3>\n<p>[\/vc_column_text][vc_column_text]<\/p>\n<div style=\"text-align: center;\">Doctor en Psicolog\u00eda, Universidad de Buenos Aires. Coordinador general del Equipo Asistencial del Centro Privado de Psicoterapias. Supervisor y docente del posgrado del Centro Privado de Psicoterapias. Coordinador del equipo de parejas del Centro Privado de Psicoterapias.<\/div>\n<p>[\/vc_column_text][\/vc_column_inner][vc_column_inner width=\u00bb1\/4&#8243;][\/vc_column_inner][\/vc_row_inner][\/vc_column][\/vc_row][vc_row css=\u00bb.vc_custom_1737152029275{background-color: #d7d9d5 !important;}\u00bb][vc_column width=\u00bb2\/3&#8243;]<style type=\"text\/css\" scoped>#ut_custom_heading69f0f9bf00c9f { color:#0a0a0a; }#ut_custom_heading69f0f9bf00c9f { font-size:31px; }#ut_custom_heading69f0f9bf00c9f { font-weight:600; }#ut_custom_heading69f0f9bf00c9f { text-align:left; }<\/style><p id=\"ut_custom_heading69f0f9bf00c9f\" class=\"ut-custom-heading-module  \" ><span>Acceso exclusivo al campus virtual:<\/span><\/p>[vc_empty_space height=\u00bb20px\u00bb][vc_column_text]Como parte de tu experiencia de aprendizaje, tendr\u00e1s acceso a nuestro <strong>Campus Virtual<\/strong>, un espacio dise\u00f1ado para complementar las clases en vivo y potenciar tu formaci\u00f3n.<\/p>\n<p>En el campus encontrar\u00e1s:<\/p>\n<ul>\n<li><strong>Material exclusivo<\/strong>: Recursos descargables, lecturas y ejercicios pr\u00e1cticos para reforzar lo aprendido.<\/li>\n<li><strong>Grabaciones de clases<\/strong>: Revisa las sesiones en vivo en cualquier momento para aclarar dudas o repasar conceptos clave.<\/li>\n<li><strong>Contenido adicional<\/strong>: Videos, gu\u00edas y herramientas dise\u00f1adas para profundizar en los temas tratados durante el curso.<\/li>\n<\/ul>\n<p>Nuestro campus virtual te permite estudiar a tu ritmo, desde cualquier lugar, y con la flexibilidad que necesitas para sacar el m\u00e1ximo provecho de tu capacitaci\u00f3n.[\/vc_column_text][\/vc_column][vc_column width=\u00bb1\/3&#8243;]<div class=\"wpb_content_element   clearfix\">            \r\n            <script type=\"text\/javascript\">\r\n                \r\n                (function($){\r\n                    \r\n                    $(document).ready(function(){\r\n                        \r\n                                                                        \r\n                        function get_animated_objects( $all_appeared_elements, effect ) {\r\n                            \r\n                            var counter = 0;\r\n                            \r\n                            $all_appeared_elements.each(function(){\r\n                                        \r\n                                if( $(this).hasClass(effect) ) {\r\n\r\n                                    counter++;\r\n\r\n                                }\r\n\r\n                            });\r\n                            \r\n                            return counter;\r\n                            \r\n                        }\r\n                        \r\n                          \r\n                    });\r\n                        \r\n                })(jQuery);\r\n            \r\n            <\/script>\r\n            \r\n            <style type=\"text\/css\" scoped>#ut_ig_69f0f9bf00cc6 .ut-lazy:not(.ut-image-loaded) + .ut-video-module-loading { display:block; }#ut_ig_69f0f9bf00cc6 .ut-lazy.ut-image-loaded + .ut-video-module-loading { display:none; }<\/style><div id=\"ut_ig_69f0f9bf00cc6\" class=\"ut-image-gallery  clearfix\"><div  data-count=\"1\" class=\"ut-image-gallery-item ut-animation-done grid-100 tablet-grid-100 mobile-grid-100 \"><a  class=\"ut-vc-images-lightbox\"  data-exthumbimage=\"https:\/\/cpp.com.ar\/formacion\/wp-content\/uploads\/sites\/3\/2025\/01\/campus-online2-150x150.png\" href=\"https:\/\/cpp.com.ar\/formacion\/wp-content\/uploads\/sites\/3\/2025\/01\/campus-online2.png\"><div class=\"ut-image-gallery-image\"><img  class=\"\" src=\"https:\/\/cpp.com.ar\/formacion\/wp-content\/uploads\/sites\/3\/2025\/01\/campus-online2.png\" width=\"300\" height=\"350\"><\/div><\/a><\/div><div class=\"clear\"><\/div><\/div><\/div>[\/vc_column][\/vc_row][vc_row css=\u00bb.vc_custom_1738686322149{background-color: #d7d9d5 !important;}\u00bb][vc_column width=\u00bb1\/6&#8243;][\/vc_column][vc_column width=\u00bb2\/3&#8243;]<style type=\"text\/css\" scoped>#ut_custom_heading69f0f9bf011bc { color:#0a0a0a; }#ut_custom_heading69f0f9bf011bc { font-size:31px; }#ut_custom_heading69f0f9bf011bc { font-weight:600; }#ut_custom_heading69f0f9bf011bc { text-align:center; }<\/style><p id=\"ut_custom_heading69f0f9bf011bc\" class=\"ut-custom-heading-module  \" ><span>Preguntas Frecuentes (FAQs)<\/span><\/p>[vc_empty_space height=\u00bb20px\u00bb][vc_column_text]<\/p>\n<p data-pm-slice=\"1 1 []\"><span style=\"color: #000000;\"><strong>\u00bfNecesito experiencia previa para cursar?<\/strong><\/span><br \/>\n<span style=\"color: #000000;\">No, el curso est\u00e1 dise\u00f1ado para terapeutas en formaci\u00f3n y profesionales con experiencia.<\/span><\/p>\n<p><span style=\"color: #000000;\"><strong>\u00bfQu\u00e9 pasa si quiero seguir la formaci\u00f3n cl\u00ednica?<\/strong><\/span><br \/>\n<span style=\"color: #000000;\">Pod\u00e9s inscribirte a los cursos del programa de manera gradual y obtener los cr\u00e9ditos. Una vez completados los 300 cr\u00e9ditos, recibir\u00e1s el certificado de: Formaci\u00f3n cl\u00ednica en terapia estrat\u00e9gica<\/span><\/p>\n<p><span style=\"color: #000000;\">Para cumplir con los cr\u00e9ditos requeridos se registrar\u00e1 la asistencia a clase v\u00eda conexi\u00f3n\u00a0por zoom y la aprobaci\u00f3n de la evaluaci\u00f3n y\/o trabajo propuesto por el docente en cada m\u00f3dulo.<\/span><\/p>\n<p><span style=\"color: #000000;\"><strong>\u00bfPuedo acceder a las clases grabadas?<\/strong><\/span><br \/>\n<span style=\"color: #000000;\">S\u00ed, las clases quedar\u00e1n disponibles en un campus virtual para revisarlas cuando lo necesites.<\/span>[\/vc_column_text][\/vc_column][vc_column width=\u00bb1\/6&#8243;][\/vc_column][\/vc_row][vc_row el_id=\u00bbconsultas\u00bb][vc_column width=\u00bb1\/4&#8243;][\/vc_column][vc_column width=\u00bb1\/2&#8243;]<style type=\"text\/css\" scoped>#ut_custom_heading69f0f9bf011dd { color:#0a0a0a; }#ut_custom_heading69f0f9bf011dd { font-size:31px; }#ut_custom_heading69f0f9bf011dd { font-weight:600; }#ut_custom_heading69f0f9bf011dd { text-align:center; }<\/style><p id=\"ut_custom_heading69f0f9bf011dd\" class=\"ut-custom-heading-module  \" ><span>\u00bfQuer\u00e9s que te avisemos cuando abran las inscripciones?<\/span><\/p><style type=\"text\/css\" scoped>#ut_custom_heading69f0f9bf011f6 { color:#0a0a0a; }#ut_custom_heading69f0f9bf011f6 { font-size:20px; }#ut_custom_heading69f0f9bf011f6 { font-weight:normal; }#ut_custom_heading69f0f9bf011f6 { text-align:center; }<\/style><p id=\"ut_custom_heading69f0f9bf011f6\" class=\"ut-custom-heading-module  \" ><span>Dejanos los datos a continuaci\u00f3n<\/span><\/p><div class=\"wpb_content_element \"><iframe loading=\"lazy\" style=\"display: block; margin-left: auto; margin-right: auto; max-width: 100%;\" src=\"https:\/\/ef3331e6.sibforms.com\/serve\/MUIFAE-k-33VwnRL-79NAYJrKEcfpIImo5QZWEF1Ys7_vAvpmnQe5cC8G8BOgMkwilkfSCV4Ezhd1P-Stw8b2Y-PBrBf-FNAYiHZSXGnQxHpdC4t0UThLatuL9rMJJH55uGOqgF0NjIagKjkOvLpVP0FaGW9yofXuVUQeTJFuKVbRpqOziB45pVjs_tgIl9E2jDOjYcJ4E00e0Ce\" width=\"540\" height=\"705\" frameborder=\"0\" scrolling=\"auto\" allowfullscreen=\"allowfullscreen\"><\/iframe><\/div>[\/vc_column][vc_column width=\u00bb1\/4&#8243;][\/vc_column][\/vc_row][\/vc_section]<\/p>\n<\/section>","protected":false},"excerpt":{"rendered":"<p>[vc_section css=\u00bb.vc_custom_1737483325998{background-image: url(https:\/\/cpp.com.ar\/formacion\/wp-content\/uploads\/sites\/3\/2018\/04\/pat1.png?id=30) !important;}\u00bb][vc_row][vc_column width=\u00bb2\/3&#8243;][vc_column_text]*Este curso otorga 30 cr\u00e9ditos para la formaci\u00f3n cl\u00ednica en terapia breve estrat\u00e9gica[\/vc_column_text][vc_column_text]Inscripciones cerradas. \u00bfQueres m\u00e1s info? Dejanos tus datos aqu\u00ed[\/vc_column_text][\/vc_column][vc_column width=\u00bb1\/3&#8243;][\/vc_column][\/vc_row][\/vc_section][vc_section css=\u00bb.vc_custom_1531359830548{border-bottom-width: 1px !important;}\u00bb][vc_row][vc_column width=\u00bb1\/6&#8243;][\/vc_column][vc_column width=\u00bb2\/3&#8243;][vc_empty_space height=\u00bb20px\u00bb][vc_empty_space height=\u00bb20px\u00bb][\/vc_column][vc_column width=\u00bb1\/6&#8243;][\/vc_column][\/vc_row][vc_row css=\u00bb.vc_custom_1737483308471{background-color: #d7d9d5 !important;}\u00bb][vc_column width=\u00bb1\/3&#8243;][vc_column_text] Inscripciones cerradas. \u00bfQueres m\u00e1s info? Dejanos tus datos aqu\u00ed [\/vc_column_text][\/vc_column][vc_column width=\u00bb1\/3&#8243;][vc_column_text] Dirigido a: Psic\u00f3logos, psicopedagogos, psiquiatras y [&hellip;]<\/p>\n","protected":false},"author":1,"featured_media":9269,"parent":8793,"menu_order":0,"comment_status":"closed","ping_status":"closed","template":"","meta":{"footnotes":""},"acf":[],"_links":{"self":[{"href":"https:\/\/cpp.com.ar\/formacion\/wp-json\/wp\/v2\/pages\/9268"}],"collection":[{"href":"https:\/\/cpp.com.ar\/formacion\/wp-json\/wp\/v2\/pages"}],"about":[{"href":"https:\/\/cpp.com.ar\/formacion\/wp-json\/wp\/v2\/types\/page"}],"author":[{"embeddable":true,"href":"https:\/\/cpp.com.ar\/formacion\/wp-json\/wp\/v2\/users\/1"}],"replies":[{"embeddable":true,"href":"https:\/\/cpp.com.ar\/formacion\/wp-json\/wp\/v2\/comments?post=9268"}],"version-history":[{"count":17,"href":"https:\/\/cpp.com.ar\/formacion\/wp-json\/wp\/v2\/pages\/9268\/revisions"}],"predecessor-version":[{"id":9271,"href":"https:\/\/cpp.com.ar\/formacion\/wp-json\/wp\/v2\/pages\/9268\/revisions\/9271"}],"up":[{"embeddable":true,"href":"https:\/\/cpp.com.ar\/formacion\/wp-json\/wp\/v2\/pages\/8793"}],"wp:featuredmedia":[{"embeddable":true,"href":"https:\/\/cpp.com.ar\/formacion\/wp-json\/wp\/v2\/media\/9269"}],"wp:attachment":[{"href":"https:\/\/cpp.com.ar\/formacion\/wp-json\/wp\/v2\/media?parent=9268"}],"curies":[{"name":"wp","href":"https:\/\/api.w.org\/{rel}","templated":true}]}}