{"id":8051,"date":"2023-09-08T17:10:51","date_gmt":"2023-09-08T20:10:51","guid":{"rendered":"https:\/\/cpp.com.ar\/formacion\/?page_id=8051"},"modified":"2026-01-07T12:11:40","modified_gmt":"2026-01-07T15:11:40","slug":"diagnostico-tratamiento-trastornos-ansiedad","status":"publish","type":"page","link":"https:\/\/cpp.com.ar\/formacion\/diagnostico-tratamiento-trastornos-ansiedad\/","title":{"rendered":"Diagn\u00f3stico y tratamiento de los trastornos de ansiedad"},"content":{"rendered":"<section class=\"wpb-content-wrapper\"><p>[vc_section css=\u00bb.vc_custom_1531359830548{border-bottom-width: 1px !important;}\u00bb][vc_row][vc_column width=\u00bb1\/4&#8243;]<div  class=\"wpb_content_element   clearfix\"><div id=\"ut_am_wrap_69f4ab5a3bfac\" class=\"ut-image-gallery-image \" style=\"text-align:center;\"><div class=\"ut-animated-image-item ut-image-gallery-item ut-animation-done\"><a class=\"ut-deactivated-link\" href=\"#\"><img title=\"Ansiedad\" id=\"ut_am_69f4ab5a3bfab\" style=\"\" src=\"https:\/\/cpp.com.ar\/formacion\/wp-content\/uploads\/sites\/3\/2023\/09\/articulos-newsletter-300-x-350-px.jpg\" width=\"300\" height=\"350\" alt=\"manos de una mujer ansiosa\"\/><\/a><\/div><\/div><\/div>[\/vc_column][vc_column width=\u00bb3\/4&#8243;]<div class=\"wpb_content_element \"><style type=\"text\/css\" scoped>#ut_header_69f4ab5a3c106 h2 span { color:#000000; }#ut_header_69f4ab5a3c106 h2.section-title { font-size: 25px; }#ut_header_69f4ab5a3c106.pt-style-2 .page-title:after, #ut_header_69f4ab5a3c106.pt-style-2 .parallax-title:after, #ut_header_69f4ab5a3c106.pt-style-2 .section-title:after {background-color: #000000 !important;height: ;width: ;}<\/style><header id=\"ut_header_69f4ab5a3c106\" class=\"section-header pt-style-2 header-left\"><h2  class=\"section-title \"><span><strong>Curso para profesionales de la salud mental<\/strong><\/p><br \/>\n<p>Obten\u00e9 estrategias y recursos efectivos para el tratamiento de los trastornos de ansiedad<\/span><\/h2><div data-delay=\"0\" class=\"lead \"><p>Los trastornos de ansiedad son cada vez m\u00e1s comunes en la sociedad actual y pueden tener un impacto significativo en la calidad de vida de los pacientes. Como profesional de la salud mental, es crucial estar preparado para abordar estos desaf\u00edos de manera efectiva y compasiva. Este curso te proporcionar\u00e1 las herramientas y estrategias necesarias para hacerlo.<\/p>\n<\/div><\/header><\/div><style type=\"text\/css\" scoped>#bklyn_btn_69f4ab5a3c16c .bklyn-btn { border-radius:4px; background-color:#ffb800; }#bklyn_btn_69f4ab5a3c16c .bklyn-btn:hover{ color:#ffffff; background-color:#ff7506; }#bklyn_btn_69f4ab5a3c16c .bklyn-btn:focus{ color:#ffffff; background-color:#ff7506; }#bklyn_btn_69f4ab5a3c16c .bklyn-btn:active { color:#ffffff; background-color:#ff7506; }<\/style><div id=\"bklyn_btn_69f4ab5a3c16c\" class=\"bklyn-btn-holder  bklyn-btn-left\"><a title=\"\"   href=\"#aranceles\" target=\"_self\" class=\"bklyn-btn bklyn-btn-full bklyn-btn-normal\" >INSCRIBITE AL CURSO<\/a><\/div><style type=\"text\/css\" scoped>#ut_custom_heading69f4ab5a3c1a0 { color:#000000; }#ut_custom_heading69f4ab5a3c1a0 a { color:#000000; }#ut_custom_heading69f4ab5a3c1a0 a:hover { color:#1e73be; }#ut_custom_heading69f4ab5a3c1a0 a:active { color:#1e73be; }#ut_custom_heading69f4ab5a3c1a0 a:focus { color:#1e73be; }#ut_custom_heading69f4ab5a3c1a0 { font-weight:bold; }#ut_custom_heading69f4ab5a3c1a0 { text-align:left; }<\/style><p id=\"ut_custom_heading69f4ab5a3c1a0\" class=\"ut-custom-heading-module  \" ><span><a title=\"\" href=\"https:\/\/ef3331e6.sibforms.com\/serve\/MUIFAApPkvXbzR3VIlGWpYcI_G5M33Ksy1IA7UXaCtIwK1LR0N6G2CHHZx3TIviX_DCPhbGUkfMvmeqrdTvQftupX4M03d7ctyLQINzrFp-CpVU3FphNZeBFecqNGWppvkT2fbPq95IptiqR7Y0v1yHJDGtDd1tZg7DD4tVkYrLB5tgY-ENYuxdH8m51Q7V1Ke8JVSzl9uAn8p0W\" target=\"_self\" >\ud83c\udf81 Regal\u00e1 este curso<\/a><\/span><\/p>[\/vc_column][\/vc_row][\/vc_section][vc_section][vc_row css=\u00bb.vc_custom_1631656872192{background-color: #efefef !important;}\u00bb][vc_column width=\u00bb1\/3&#8243;]<div class=\"wpb_content_element \"><div id=\"utbx_o_69f4ab5a3c1d7\" class=\"ut-service-icon-box  clearfix  ut-service-icon-box-center\"><style type=\"text\/css\" scoped>#utbx_69f4ab5a3c1d6 { background:#00cdb5; }#utbx_69f4ab5a3c1d6:hover { background: #2FC0D7; } #utbx_69f4ab5a3c1d6:after { box-shadow: 0 0 0 4px #2FC0D7; } <\/style><div class=\"ut-highlight-icon-wrap ut-highlight-icon-effect\"><a id=\"utbx_69f4ab5a3c1d6\" data-id=\"utbx_69f4ab5a3c1d6\" data-hovercolor=\"#2FC0D7\"  data-effect=\"fadeInRight\" data-animateonce=\"yes\" data-delay=\"0\" class=\"ut-highlight-icon ut-animate-element animated ut-no-animation-tablet ut-no-animation-mobile fa fa-calendar\" href=\"#\" target=\"_blank\"><\/a><\/div><\/div><\/div>[vc_column_text]<\/p>\n<h4 style=\"text-align: center;\"><strong>\u00a1Anotate ahora! Pod\u00e9s cursar cuando quieras<\/strong><\/h4>\n<p>[\/vc_column_text][\/vc_column][vc_column width=\u00bb1\/3&#8243;]<div class=\"wpb_content_element \"><div id=\"utbx_o_69f4ab5a3c204\" class=\"ut-service-icon-box  clearfix  ut-service-icon-box-center\"><style type=\"text\/css\" scoped>#utbx_69f4ab5a3c203 { background:#00cdb5; }#utbx_69f4ab5a3c203:hover { background: #2FC0D7; } #utbx_69f4ab5a3c203:after { box-shadow: 0 0 0 4px #2FC0D7; } <\/style><div class=\"ut-highlight-icon-wrap ut-highlight-icon-effect\"><a id=\"utbx_69f4ab5a3c203\" data-id=\"utbx_69f4ab5a3c203\" data-hovercolor=\"#2FC0D7\"  data-effect=\"fadeInRight\" data-animateonce=\"yes\" data-delay=\"0\" class=\"ut-highlight-icon ut-animate-element animated ut-no-animation-tablet ut-no-animation-mobile fa fa-users\" href=\"#\" target=\"_blank\"><\/a><\/div><\/div><\/div>[vc_column_text]<\/p>\n<h4 style=\"text-align: center;\">Dirigido a:<\/h4>\n<h4 style=\"text-align: center;\">Profesionales de la Salud Mental y estudiantes avanzados<\/h4>\n<p>[\/vc_column_text][\/vc_column][vc_column width=\u00bb1\/3&#8243;]<div class=\"wpb_content_element \"><div id=\"utbx_o_69f4ab5a3c247\" class=\"ut-service-icon-box  clearfix  ut-service-icon-box-center\"><style type=\"text\/css\" scoped>#utbx_69f4ab5a3c246 { background:#00cdb5; }#utbx_69f4ab5a3c246:hover { background: #2FC0D7; } #utbx_69f4ab5a3c246:after { box-shadow: 0 0 0 4px #2FC0D7; } <\/style><div class=\"ut-highlight-icon-wrap ut-highlight-icon-effect\"><a id=\"utbx_69f4ab5a3c246\" data-id=\"utbx_69f4ab5a3c246\" data-hovercolor=\"#2FC0D7\"  data-effect=\"fadeInRight\" data-animateonce=\"yes\" data-delay=\"0\" class=\"ut-highlight-icon ut-animate-element animated ut-no-animation-tablet ut-no-animation-mobile fa fa-paper-plane-o\" href=\"#\" target=\"_blank\"><\/a><\/div><\/div><\/div>[vc_column_text]<\/p>\n<h4 style=\"text-align: center;\">ACCESO ILIMITADO POR 6 MESES<\/h4>\n<p>[\/vc_column_text][\/vc_column][\/vc_row][vc_row][vc_column width=\u00bb1\/6&#8243;][\/vc_column][vc_column width=\u00bb2\/3&#8243;]<div class=\"wpb_content_element \"><style type=\"text\/css\" scoped>#ut_header_69f4ab5a3c265.pt-style-2 .page-title:after, #ut_header_69f4ab5a3c265.pt-style-2 .parallax-title:after, #ut_header_69f4ab5a3c265.pt-style-2 .section-title:after {background-color:!important;height: ;width: ;}<\/style><header id=\"ut_header_69f4ab5a3c265\" class=\"section-header pt-style-2 header-center\"><h2  class=\"section-title \"><span><strong>Contenidos:<\/strong><\/span><\/h2><\/header><\/div><div class=\"wpb_content_element \"><style type=\"text\/css\" scoped>#ut_accordion_69f4ab5a3c288 .ut-accordion-module-item.open .ut-accordion-module-heading { color: #2FC0D7 }#ut_accordion_69f4ab5a3c288 .ut-accordion-module-heading:hover { color: #2FC0D7 }#ut_accordion_69f4ab5a3c288 .ut-accordion-module-heading:active { color: #2FC0D7 }#ut_accordion_69f4ab5a3c288 .ut-accordion-module-heading:focus { color: #2FC0D7 }#ut_accordion_69f4ab5a3c288 .ut-accordion-module-item { border-top-style:solid; }#ut_accordion_69f4ab5a3c288 .ut-accordion-module-item:last-child { border-top-style:solid; }<\/style>                \r\n                <script type=\"text\/javascript\">\r\n                \r\n                    (function($){\r\n                                                \r\n                        $(document).ready(function(){\r\n                            \r\n                            $('#ut_accordion_69f4ab5a3c288 [data-accordion]').accordion({\r\n                                \"transitionSpeed\"  : 400,\r\n                                \"singleOpen\"       : true,\r\n                                \"transitionEasing\" : \"ease\",\r\n                            });                            \r\n                    \r\n                        });\r\n                            \r\n                    })(jQuery);\r\n            \r\n                <\/script>\r\n                \r\n            <div id=\"ut_accordion_69f4ab5a3c288\" data-accordion-group class=\"ut-accordion-module  ut-accordion-module-with-border\"><div data-accordion class=\"ut-accordion-module-item \"><h3 data-control class=\"ut-accordion-module-heading\" data-counter=\"1\">Clase 1: \u00bfDe qu\u00e9 hablamos cuando hablamos de ansiedad?<\/h3><div data-content class=\"ut-accordion-module-content\"><div class=\"ut-accordion-module-inner entry-content clearfix\"><\/p>\n<ul>\n<li aria-level=\"1\"><span style=\"font-weight: 400;\">\u00bfEs normal sentir ansiedad?\u00bf En qu\u00e9 situaciones?\u00a0 \u00bfcu\u00e1ndo y cu\u00e1nto? \u00bfC\u00f3mo se manifiesta?<\/span><\/li>\n<\/ul>\n<ul>\n<li aria-level=\"1\"><span style=\"font-weight: 400;\">\u00bfTiene alguna utilidad? \u00bfSirve de algo? \u00bfHay una ansiedad buena y otra mala o patol\u00f3gica?\u00a0<\/span><\/li>\n<\/ul>\n<ul>\n<li aria-level=\"1\"><span style=\"font-weight: 400;\">\u00bfCu\u00e1l es la diferencia entre lo que entiende por ansiedad el p\u00fablico no profesional y la definici\u00f3n m\u00e9dico\/psiqui\u00e1trica de ansiedad?\u00a0<\/span><\/li>\n<\/ul>\n<ul>\n<li aria-level=\"1\"><span style=\"font-weight: 400;\">\u00bfCu\u00e1ndo se constituye en un trastorno? \u00bfCu\u00e1ndo requiere tratamiento?\u00a0<\/span><\/li>\n<\/ul>\n<p><\/div><\/div><\/div><div data-accordion class=\"ut-accordion-module-item \"><h3 data-control class=\"ut-accordion-module-heading\" data-counter=\"2\">Clase 2: \u00bfLa ansiedad y su trastorno o la ansiedad y sus trastornos?<\/h3><div data-content class=\"ut-accordion-module-content\"><div class=\"ut-accordion-module-inner entry-content clearfix\"><\/p>\n<ul>\n<li style=\"font-weight: 400;\" aria-level=\"1\"><span style=\"font-weight: 400;\">Trastornos de ansiedad. \u00bfEs un trastorno que se manifiesta de diferentes formas o constituyen entidades claramente diferenciadas?\u00a0<\/span><\/li>\n<li style=\"font-weight: 400;\" aria-level=\"1\"><span style=\"font-weight: 400;\">\u00bfTodos entendemos lo mismo? \u00bfSe solapan otros trastornos? \u00bfSe superponen? \u00bfC\u00f3mo hacemos diagn\u00f3sticos para saber qu\u00e9 tratar o por d\u00f3nde empezar?\u00a0<\/span><\/li>\n<li style=\"font-weight: 400;\" aria-level=\"1\"><span style=\"font-weight: 400;\">\u00bfC\u00f3mo se defini\u00f3 ansiedad cuando se cre\u00f3 el DSM?\u00a0<\/span><\/li>\n<li style=\"font-weight: 400;\" aria-level=\"1\"><span style=\"font-weight: 400;\">\u00bfC\u00f3mo fue la evoluci\u00f3n hist\u00f3rica del t\u00e9rmino dejando atr\u00e1s el concepto de Neurosis?<\/span><\/li>\n<\/ul>\n<p><\/div><\/div><\/div><div data-accordion class=\"ut-accordion-module-item \"><h3 data-control class=\"ut-accordion-module-heading\" data-counter=\"3\">Clase 3: Caja de herramientas<\/h3><div data-content class=\"ut-accordion-module-content\"><div class=\"ut-accordion-module-inner entry-content clearfix\"><\/p>\n<ul>\n<li style=\"font-weight: 400;\" aria-level=\"1\"><span style=\"font-weight: 400;\">\u00a0\u00bfC\u00f3mo definiremos problemas a medida de cada paciente y con qu\u00e9 herramientas contamos para trabajar seg\u00fan motivo de consulta y s\u00edntomas espec\u00edficos?<\/span><\/li>\n<\/ul>\n<p><\/div><\/div><\/div><div data-accordion class=\"ut-accordion-module-item \"><h3 data-control class=\"ut-accordion-module-heading\" data-counter=\"4\">Clase 4: Escalando el problema<\/h3><div data-content class=\"ut-accordion-module-content\"><div class=\"ut-accordion-module-inner entry-content clearfix\"><\/p>\n<ul>\n<li><span style=\"font-weight: 400;\">Escalas de diagn\u00f3stico. Cuestionarios validados.<\/span><\/li>\n<li><span style=\"font-weight: 400;\">Cu\u00e1les y c\u00f3mo usarlos. C\u00f3mo identificar grupos de s\u00edntomas y prioridades para tomar decisiones terap\u00e9uticas<\/span><\/li>\n<li><b><\/b><span style=\"font-weight: 400;\">C\u00f3mo usar cuestionarios y escalas como una t\u00e9cnica de evaluaci\u00f3n de objetivos y evoluci\u00f3n para el propio paciente.<\/span><\/li>\n<\/ul>\n<p><\/div><\/div><\/div><div data-accordion class=\"ut-accordion-module-item \"><h3 data-control class=\"ut-accordion-module-heading\" data-counter=\"5\">Clase 5: Modelo cognitivo Conductual de los Trastornos de ansiedad<\/h3><div data-content class=\"ut-accordion-module-content\"><div class=\"ut-accordion-module-inner entry-content clearfix\"><\/p>\n<ul>\n<li aria-level=\"1\"><span style=\"font-weight: 400;\">\u00bfCu\u00e1l es el modelo te\u00f3rico y t\u00e9cnico que mejor se ajusta al trabajo con trastornos de ansiedad?\u00a0<\/span><\/li>\n<\/ul>\n<ul>\n<li aria-level=\"1\"><span style=\"font-weight: 400;\">Desarrollo de la t\u00e9cnica y del modelo TCC<\/span><\/li>\n<\/ul>\n<p><\/div><\/div><\/div><div data-accordion class=\"ut-accordion-module-item \"><h3 data-control class=\"ut-accordion-module-heading\" data-counter=\"6\">Clase 6: Ansiedad en ni\u00f1os y adolescentes<\/h3><div data-content class=\"ut-accordion-module-content\"><div class=\"ut-accordion-module-inner entry-content clearfix\"><\/p>\n<ul>\n<li><span style=\"font-weight: 400;\">\u00bfC\u00f3mo se presentan en la consulta cl\u00ednica con ni\u00f1os los trastornos de ansiedad?\u00a0<\/span><\/li>\n<li><span style=\"font-weight: 400;\">\u00bfQu\u00e9 son los miedos evolutivos? Cu\u00e1les son los miedos normales y cu\u00e1les los que constituyen un trastorno?\u00a0<\/span><\/li>\n<li><span style=\"font-weight: 400;\">\u00bfLa ansiedad en la infancia puede anticipar el trastorno en la adultez?\u00a0<\/span><\/li>\n<li><span style=\"font-weight: 400;\">\u00bfPor qu\u00e9 es importante tratar los trastornos de ansiedad en la infancia?\u00a0<\/span><\/li>\n<li><span style=\"font-weight: 400;\">\u00bfC\u00f3mo se aborda la ansiedad en la consulta con ni\u00f1os y adolescentes? <\/span><\/li>\n<\/ul>\n<p><\/div><\/div><\/div><\/div><\/div><style type=\"text\/css\" scoped>#bklyn_btn_69f4ab5a3c352 .bklyn-btn { border-radius:4px; background-color:#ffb800; }#bklyn_btn_69f4ab5a3c352 .bklyn-btn:hover{ color:#ffffff; background-color:#ff7200; }#bklyn_btn_69f4ab5a3c352 .bklyn-btn:focus{ color:#ffffff; background-color:#ff7200; }#bklyn_btn_69f4ab5a3c352 .bklyn-btn:active { color:#ffffff; background-color:#ff7200; }<\/style><div id=\"bklyn_btn_69f4ab5a3c352\" class=\"bklyn-btn-holder  bklyn-btn-center\"><a title=\"\"   href=\"#aranceles\" target=\"_self\" class=\"bklyn-btn  bklyn-btn-normal\" >INSCRIBITE AL CURSO<\/a><\/div><style type=\"text\/css\" scoped>#ut_custom_heading69f4ab5a3c37c { color:#000000; }#ut_custom_heading69f4ab5a3c37c a { color:#000000; }#ut_custom_heading69f4ab5a3c37c a:hover { color:#1e73be; }#ut_custom_heading69f4ab5a3c37c a:active { color:#1e73be; }#ut_custom_heading69f4ab5a3c37c a:focus { color:#1e73be; }#ut_custom_heading69f4ab5a3c37c { font-weight:bold; }#ut_custom_heading69f4ab5a3c37c { text-align:center; }<\/style><p id=\"ut_custom_heading69f4ab5a3c37c\" class=\"ut-custom-heading-module  \" ><span><a title=\"\" href=\"https:\/\/ef3331e6.sibforms.com\/serve\/MUIFAApPkvXbzR3VIlGWpYcI_G5M33Ksy1IA7UXaCtIwK1LR0N6G2CHHZx3TIviX_DCPhbGUkfMvmeqrdTvQftupX4M03d7ctyLQINzrFp-CpVU3FphNZeBFecqNGWppvkT2fbPq95IptiqR7Y0v1yHJDGtDd1tZg7DD4tVkYrLB5tgY-ENYuxdH8m51Q7V1Ke8JVSzl9uAn8p0W\" target=\"_self\" >\ud83c\udf81 Regal\u00e1 este curso<\/a><\/span><\/p>[\/vc_column][vc_column width=\u00bb1\/6&#8243;][\/vc_column][\/vc_row][\/vc_section][vc_section css=\u00bb.vc_custom_1694205921675{background-color: #f4f4f4 !important;}\u00bb][vc_row][vc_column]<div class=\"wpb_content_element \"><style type=\"text\/css\" scoped>#ut_header_69f4ab5a3c432 h2 span { color:#000000; }#ut_header_69f4ab5a3c432 h2.section-title { font-size: 25px; }#ut_header_69f4ab5a3c432.pt-style-2 .page-title:after, #ut_header_69f4ab5a3c432.pt-style-2 .parallax-title:after, #ut_header_69f4ab5a3c432.pt-style-2 .section-title:after {background-color: #000000 !important;height: ;width: ;}<\/style><header id=\"ut_header_69f4ab5a3c432\" class=\"section-header pt-style-2 header-center\"><h2  class=\"section-title \"><span><strong>Modalidad del curso<\/strong><\/span><\/h2><\/header><\/div>[\/vc_column][\/vc_row][vc_row][vc_column width=\u00bb1\/3&#8243;]<div class=\"wpb_content_element \"><style type=\"text\/css\" scoped><\/style><div id=\"ut_sc_69f4ab5a3c451\"  class=\"ut-horizontal-style-align-left  clearfix \" ><figure class=\"ut-service-icon ut-service-icon-medium ut-service-icon-normal \"><i style=\"color: #2FC0D7;\" class=\"fa fa fa-video-camera\"><\/i><\/figure><div class=\"ut-service-column ut-service-column-horiz\" ><h3>Clases videograbadas<\/h3><p>Visualiz\u00e1 las clases en cualquier momento del d\u00eda durante todo el curso.<\/p><\/div><\/div><\/div>[\/vc_column][vc_column width=\u00bb1\/3&#8243;]<div class=\"wpb_content_element \"><style type=\"text\/css\" scoped><\/style><div id=\"ut_sc_69f4ab5a3c470\"  class=\"ut-horizontal-style-align-left  clearfix \" ><figure class=\"ut-service-icon ut-service-icon-medium ut-service-icon-normal \"><i style=\"color: #2FC0D7;\" class=\"fa fa fa-certificate\"><\/i><\/figure><div class=\"ut-service-column ut-service-column-horiz\" ><h3>Examen final y Certificado<\/h3><p>Al finalizar el curso tendr\u00e1s la posibilidad de rendir un examen final y un certificado de participaci\u00f3n a tu nombre.<\/p><\/div><\/div><\/div>[\/vc_column][vc_column width=\u00bb1\/3&#8243;]<div class=\"wpb_content_element \"><style type=\"text\/css\" scoped><\/style><div id=\"ut_sc_69f4ab5a3c486\"  class=\"ut-horizontal-style-align-left  clearfix \" ><figure class=\"ut-service-icon ut-service-icon-medium ut-service-icon-normal \"><i style=\"color: #2FC0D7;\" class=\"fa fa fa-question-circle\"><\/i><\/figure><div class=\"ut-service-column ut-service-column-horiz\" ><h3>Mesa de ayuda<\/h3><p>Cont\u00e1 con apoyo t\u00e9cnico permanente a lo largo de toda la cursada.<\/p><\/div><\/div><\/div>[\/vc_column][\/vc_row][\/vc_section][vc_section][vc_row][vc_column]<div class=\"wpb_content_element \"><style type=\"text\/css\" scoped>#ut_header_69f4ab5a3c49e.pt-style-2 .page-title:after, #ut_header_69f4ab5a3c49e.pt-style-2 .parallax-title:after, #ut_header_69f4ab5a3c49e.pt-style-2 .section-title:after {background-color:!important;height: ;width: ;}<\/style><header id=\"ut_header_69f4ab5a3c49e\" class=\"section-header pt-style-2 header-center\"><h2  class=\"section-title \"><span><strong>Docentes:<\/strong><\/span><\/h2><\/header><\/div>[\/vc_column][\/vc_row][vc_row][vc_column width=\u00bb1\/2&#8243;]<div class=\"wpb_content_element   clearfix\">            \r\n            <script type=\"text\/javascript\">\r\n                \r\n                (function($){\r\n                    \r\n                    $(document).ready(function(){\r\n                        \r\n                                                                        \r\n                        function get_animated_objects( $all_appeared_elements, effect ) {\r\n                            \r\n                            var counter = 0;\r\n                            \r\n                            $all_appeared_elements.each(function(){\r\n                                        \r\n                                if( $(this).hasClass(effect) ) {\r\n\r\n                                    counter++;\r\n\r\n                                }\r\n\r\n                            });\r\n                            \r\n                            return counter;\r\n                            \r\n                        }\r\n                        \r\n                          \r\n                    });\r\n                        \r\n                })(jQuery);\r\n            \r\n            <\/script>\r\n            \r\n            <style type=\"text\/css\" scoped>#ut_ig_69f4ab5a3c4c1 .ut-lazy:not(.ut-image-loaded) + .ut-video-module-loading { display:block; }#ut_ig_69f4ab5a3c4c1 .ut-lazy.ut-image-loaded + .ut-video-module-loading { display:none; }<\/style><div id=\"ut_ig_69f4ab5a3c4c1\" class=\"ut-image-gallery  clearfix\"><div  data-count=\"1\" class=\"ut-image-gallery-item ut-animation-done grid-100 tablet-grid-100 mobile-grid-100 \"><a  class=\"ut-vc-images-lightbox\"  data-exthumbimage=\"https:\/\/cpp.com.ar\/formacion\/wp-content\/uploads\/sites\/3\/2023\/09\/andres-flichman-150x150.jpeg\" href=\"https:\/\/cpp.com.ar\/formacion\/wp-content\/uploads\/sites\/3\/2023\/09\/andres-flichman.jpeg\"><div class=\"ut-image-gallery-image\"><img  class=\"\" src=\"https:\/\/cpp.com.ar\/formacion\/wp-content\/uploads\/sites\/3\/2023\/09\/andres-flichman-100x100.jpeg\" width=\"100\" height=\"100\"><\/div><\/a><\/div><div class=\"clear\"><\/div><\/div><\/div>[vc_column_text]<\/p>\n<h3 style=\"text-align: center;\"><strong>Dr. Andr\u00e9s Flichman<\/strong><\/h3>\n<p style=\"text-align: center;\">M\u00e9dico psiquiatra y sex\u00f3logo cl\u00ednico, miembro de la comisi\u00f3n directiva de la Asociaci\u00f3n Argentina de Trastornos de Ansiedad<\/p>\n<p>[\/vc_column_text][\/vc_column][vc_column width=\u00bb1\/2&#8243;]<div class=\"wpb_content_element   clearfix\">            \r\n            <script type=\"text\/javascript\">\r\n                \r\n                (function($){\r\n                    \r\n                    $(document).ready(function(){\r\n                        \r\n                                                                        \r\n                        function get_animated_objects( $all_appeared_elements, effect ) {\r\n                            \r\n                            var counter = 0;\r\n                            \r\n                            $all_appeared_elements.each(function(){\r\n                                        \r\n                                if( $(this).hasClass(effect) ) {\r\n\r\n                                    counter++;\r\n\r\n                                }\r\n\r\n                            });\r\n                            \r\n                            return counter;\r\n                            \r\n                        }\r\n                        \r\n                          \r\n                    });\r\n                        \r\n                })(jQuery);\r\n            \r\n            <\/script>\r\n            \r\n            <style type=\"text\/css\" scoped>#ut_ig_69f4ab5a3c956 .ut-lazy:not(.ut-image-loaded) + .ut-video-module-loading { display:block; }#ut_ig_69f4ab5a3c956 .ut-lazy.ut-image-loaded + .ut-video-module-loading { display:none; }<\/style><div id=\"ut_ig_69f4ab5a3c956\" class=\"ut-image-gallery  clearfix\"><div  data-count=\"1\" class=\"ut-image-gallery-item ut-animation-done grid-100 tablet-grid-100 mobile-grid-100 \"><a  class=\"ut-vc-images-lightbox\"  data-exthumbimage=\"https:\/\/cpp.com.ar\/formacion\/wp-content\/uploads\/sites\/3\/2023\/09\/beatriz-moyano-150x150.jpeg\" href=\"https:\/\/cpp.com.ar\/formacion\/wp-content\/uploads\/sites\/3\/2023\/09\/beatriz-moyano.jpeg\"><div class=\"ut-image-gallery-image\"><img  class=\"\" src=\"https:\/\/cpp.com.ar\/formacion\/wp-content\/uploads\/sites\/3\/2023\/09\/beatriz-moyano-100x100.jpeg\" width=\"100\" height=\"100\"><\/div><\/a><\/div><div class=\"clear\"><\/div><\/div><\/div>[vc_column_text]<\/p>\n<h3 style=\"text-align: center;\">Invitada especial: Dra. Beatriz Moyano<\/h3>\n<p style=\"text-align: center;\">Directora de Centro Interdisciplinario de Tourette TOC y trastornos asociados CITA. Coordinadora del Grupo de Trabajo de Mindfulness y Neurociencias Contemplativas de APSA.<\/p>\n<p>[\/vc_column_text][\/vc_column][\/vc_row][\/vc_section][vc_section bklyn_section_anchor_id=\u00bbinscripciones\u00bb css=\u00bb.vc_custom_1631657299395{background-color: #efefef !important;}\u00bb][vc_row el_id=\u00bbaranceles\u00bb][vc_column]<div class=\"wpb_content_element \"><style type=\"text\/css\" scoped>#ut_header_69f4ab5a3ceb5.pt-style-2 .page-title:after, #ut_header_69f4ab5a3ceb5.pt-style-2 .parallax-title:after, #ut_header_69f4ab5a3ceb5.pt-style-2 .section-title:after {background-color:!important;height: ;width: ;}<\/style><header id=\"ut_header_69f4ab5a3ceb5\" class=\"section-header pt-style-2 header-center\"><h2  class=\"section-title \"><span><strong>Aranceles:<\/strong><\/span><\/h2><\/header><\/div>[\/vc_column][\/vc_row][vc_row][vc_column width=\u00bb1\/4&#8243;][\/vc_column][vc_column width=\u00bb1\/4&#8243;][vc_column_text]<\/p>\n<p style=\"text-align: center;\">Si resid\u00eds en Argentina, el curso tiene un costo de:<\/p>\n<h2 style=\"text-align: center;\">67.000.- Arg<\/h2>\n<p>[\/vc_column_text][\/vc_column][vc_column width=\u00bb1\/4&#8243;][vc_column_text]<\/p>\n<p style=\"text-align: center;\">Si resid\u00eds fuera de Argentina, el curso tiene un costo de:<\/p>\n<h2 style=\"text-align: center;\">70 USD<\/h2>\n<p>[\/vc_column_text][\/vc_column][vc_column width=\u00bb1\/4&#8243;][\/vc_column][\/vc_row][vc_row][vc_column]<style type=\"text\/css\" scoped>#bklyn_btn_69f4ab5a3ceeb .bklyn-btn { border-radius:4px; background-color:#ffb800; }#bklyn_btn_69f4ab5a3ceeb .bklyn-btn:hover{ color:#ffffff; background-color:#ff7200; }#bklyn_btn_69f4ab5a3ceeb .bklyn-btn:focus{ color:#ffffff; background-color:#ff7200; }#bklyn_btn_69f4ab5a3ceeb .bklyn-btn:active { color:#ffffff; background-color:#ff7200; }<\/style><div id=\"bklyn_btn_69f4ab5a3ceeb\" class=\"bklyn-btn-holder  bklyn-btn-center\"><a title=\"\"   href=\"https:\/\/ef3331e6.sibforms.com\/serve\/MUIFAO7mr1zTzGk0pcyO3esCOGPn-CaVHNb5QlG_k4QKs7hyUbYTZ9vbuvj5H0GqwNuYhjP0hxDvpQDSZMRqYpAVRP9NsKT80VrI1Fu8GI78UxrEeoIj8ZKsr418cgpTXBpE4oDNg4_dUr-x9juqUTEYJR_OV-FXnAaRtVAkCxQkLfzj0maxi6v431BnlgJT9AzBmVvCENBTgYgz\" target=\"_self\" class=\"bklyn-btn  bklyn-btn-normal\" >QUIERO INSCRIBIRME<\/a><\/div><style type=\"text\/css\" scoped>#ut_custom_heading69f4ab5a3cf35 { color:#000000; }#ut_custom_heading69f4ab5a3cf35 a { color:#000000; }#ut_custom_heading69f4ab5a3cf35 a:hover { color:#1e73be; }#ut_custom_heading69f4ab5a3cf35 a:active { color:#1e73be; }#ut_custom_heading69f4ab5a3cf35 a:focus { color:#1e73be; }#ut_custom_heading69f4ab5a3cf35 { font-weight:bold; }#ut_custom_heading69f4ab5a3cf35 { text-align:center; }<\/style><p id=\"ut_custom_heading69f4ab5a3cf35\" class=\"ut-custom-heading-module  \" ><span><a title=\"\" href=\"https:\/\/ef3331e6.sibforms.com\/serve\/MUIFAApPkvXbzR3VIlGWpYcI_G5M33Ksy1IA7UXaCtIwK1LR0N6G2CHHZx3TIviX_DCPhbGUkfMvmeqrdTvQftupX4M03d7ctyLQINzrFp-CpVU3FphNZeBFecqNGWppvkT2fbPq95IptiqR7Y0v1yHJDGtDd1tZg7DD4tVkYrLB5tgY-ENYuxdH8m51Q7V1Ke8JVSzl9uAn8p0W\" target=\"_self\" >\ud83c\udf81 Regal\u00e1 este curso<\/a><\/span><\/p>[\/vc_column][\/vc_row][\/vc_section][vc_section][vc_row][vc_column width=\u00bb1\/6&#8243;][\/vc_column][vc_column width=\u00bb2\/3&#8243;]<style type=\"text\/css\" scoped>#ut_custom_heading69f4ab5a3cf68 { font-size:25px; }#ut_custom_heading69f4ab5a3cf68 { font-weight:bold; }#ut_custom_heading69f4ab5a3cf68 { text-align:center; }<\/style><h2 id=\"ut_custom_heading69f4ab5a3cf68\" class=\"ut-custom-heading-module  \" ><span>\u00bfTen\u00e9s dudas?<\/span><\/h2><style type=\"text\/css\" scoped>#ut_custom_heading69f4ab5a3cf83 { font-size:20px; }#ut_custom_heading69f4ab5a3cf83 { font-weight:normal; }#ut_custom_heading69f4ab5a3cf83 { text-align:center; }<\/style><h2 id=\"ut_custom_heading69f4ab5a3cf83\" class=\"ut-custom-heading-module  \" ><span>Complet\u00e1 el siguiente formulario y te enviaremos m\u00e1s informaci\u00f3n<\/span><\/h2><div class=\"wpb_content_element \"><iframe loading=\"lazy\" style=\"display: block; margin-left: auto; margin-right: auto; max-width: 100%;\" src=\"https:\/\/ef3331e6.sibforms.com\/serve\/MUIFAGGjk8E_a6CkQ8DSmfoEf73d_Xlj0KyZL3O92HdqRpaRHX9VKjMO49vK5GfTAumWgTngAvyNeCNdrPXO1Y1sWAdDziUTWXKfrbomSKNgZJ-aNKxAV3E7n4UjdJjonTqSeRbswbXnucqzXSDRACRhtXCfnbCrvHJofhPInEZWAP9ARmlNGW_FEYdTtpL78b86xrZrGKaQoNvL\" width=\"540\" height=\"705\" frameborder=\"0\" scrolling=\"auto\" allowfullscreen=\"allowfullscreen\"><\/iframe><\/div>[\/vc_column][vc_column width=\u00bb1\/6&#8243;][\/vc_column][\/vc_row][\/vc_section]<\/p>\n<\/section>","protected":false},"excerpt":{"rendered":"<p>[vc_section css=\u00bb.vc_custom_1531359830548{border-bottom-width: 1px !important;}\u00bb][vc_row][vc_column width=\u00bb1\/4&#8243;][\/vc_column][vc_column width=\u00bb3\/4&#8243;][\/vc_column][\/vc_row][\/vc_section][vc_section][vc_row css=\u00bb.vc_custom_1631656872192{background-color: #efefef !important;}\u00bb][vc_column width=\u00bb1\/3&#8243;][vc_column_text] \u00a1Anotate ahora! Pod\u00e9s cursar cuando quieras [\/vc_column_text][\/vc_column][vc_column width=\u00bb1\/3&#8243;][vc_column_text] Dirigido a: Profesionales de la Salud Mental y estudiantes avanzados [\/vc_column_text][\/vc_column][vc_column width=\u00bb1\/3&#8243;][vc_column_text] ACCESO ILIMITADO POR 6 MESES [\/vc_column_text][\/vc_column][\/vc_row][vc_row][vc_column width=\u00bb1\/6&#8243;][\/vc_column][vc_column width=\u00bb2\/3&#8243;][\/vc_column][vc_column width=\u00bb1\/6&#8243;][\/vc_column][\/vc_row][\/vc_section][vc_section css=\u00bb.vc_custom_1694205921675{background-color: #f4f4f4 !important;}\u00bb][vc_row][vc_column][\/vc_column][\/vc_row][vc_row][vc_column width=\u00bb1\/3&#8243;][\/vc_column][vc_column width=\u00bb1\/3&#8243;][\/vc_column][vc_column width=\u00bb1\/3&#8243;][\/vc_column][\/vc_row][\/vc_section][vc_section][vc_row][vc_column][\/vc_column][\/vc_row][vc_row][vc_column width=\u00bb1\/2&#8243;][vc_column_text] Dr. Andr\u00e9s Flichman M\u00e9dico psiquiatra y sex\u00f3logo cl\u00ednico, miembro [&hellip;]<\/p>\n","protected":false},"author":1,"featured_media":8059,"parent":0,"menu_order":0,"comment_status":"closed","ping_status":"closed","template":"","meta":{"footnotes":""},"acf":[],"_links":{"self":[{"href":"https:\/\/cpp.com.ar\/formacion\/wp-json\/wp\/v2\/pages\/8051"}],"collection":[{"href":"https:\/\/cpp.com.ar\/formacion\/wp-json\/wp\/v2\/pages"}],"about":[{"href":"https:\/\/cpp.com.ar\/formacion\/wp-json\/wp\/v2\/types\/page"}],"author":[{"embeddable":true,"href":"https:\/\/cpp.com.ar\/formacion\/wp-json\/wp\/v2\/users\/1"}],"replies":[{"embeddable":true,"href":"https:\/\/cpp.com.ar\/formacion\/wp-json\/wp\/v2\/comments?post=8051"}],"version-history":[{"count":33,"href":"https:\/\/cpp.com.ar\/formacion\/wp-json\/wp\/v2\/pages\/8051\/revisions"}],"predecessor-version":[{"id":9833,"href":"https:\/\/cpp.com.ar\/formacion\/wp-json\/wp\/v2\/pages\/8051\/revisions\/9833"}],"wp:featuredmedia":[{"embeddable":true,"href":"https:\/\/cpp.com.ar\/formacion\/wp-json\/wp\/v2\/media\/8059"}],"wp:attachment":[{"href":"https:\/\/cpp.com.ar\/formacion\/wp-json\/wp\/v2\/media?parent=8051"}],"curies":[{"name":"wp","href":"https:\/\/api.w.org\/{rel}","templated":true}]}}