{"id":258,"date":"2018-07-05T18:05:34","date_gmt":"2018-07-05T21:05:34","guid":{"rendered":"http:\/\/cpp.com.ar\/formacion\/?page_id=258"},"modified":"2024-05-25T21:02:26","modified_gmt":"2024-05-26T00:02:26","slug":"libros","status":"publish","type":"page","link":"https:\/\/cpp.com.ar\/formacion\/libros\/","title":{"rendered":"Librer\u00eda"},"content":{"rendered":"<section class=\"wpb-content-wrapper\"><p>[vc_section][vc_row][vc_column][vc_column_text]Como organizaci\u00f3n orientada a la acci\u00f3n, los libros\u00a0<em>\u201cEstrategias psicoterap\u00e9uticas institucionales\u201d<\/em>, <em>\u201cC\u00f3mo equivocarse menos en terapia\u201d<\/em> y\u00a0<em>\u201cQu\u00e9 y C\u00f3mo. Pr\u00e1cticas en psicoterapia estrat\u00e9gica\u201d <\/em>representan, en ese orden,\u00a0 la historia del desarrollo conceptual de nuestra Organizaci\u00f3n y los mas de 40 a\u00f1os de experiencia cl\u00ednica,\u00a0 plasmados en una s\u00edntesis te\u00f3rico\/ pr\u00e1ctica.[\/vc_column_text][\/vc_column][\/vc_row][vc_row css=\u00bb.vc_custom_1716679691906{background-color: #d3d3d3 !important;}\u00bb][vc_column]<div class=\"wpb_content_element \"><style type=\"text\/css\" scoped>#ut_header_69f4c523d13be.pt-style-2 .page-title:after, #ut_header_69f4c523d13be.pt-style-2 .parallax-title:after, #ut_header_69f4c523d13be.pt-style-2 .section-title:after {background-color:!important;height: ;width: ;}<\/style><header id=\"ut_header_69f4c523d13be\" class=\"section-header pt-style-2 header-center\"><h2  class=\"section-title \"><span>LIBROS EN FORMATO DIGITAL<\/span><\/h2><\/header><\/div>[\/vc_column][\/vc_row][vc_row][vc_column width=\u00bb1\/4&#8243;]<div data-effect=\"fadeIn\" data-animateonce=\"yes\" data-delay=\"50\" class=\"wpb_content_element ut-animate-image animated ut-no-animation-tablet ut-no-animation-mobile  clearfix\"><style type=\"text\/css\" scoped>#ut_am_69f4c523d1824 { opacity: 1; }<\/style><div id=\"ut_am_wrap_69f4c523d1825\" class=\"ut-image-gallery-image \" style=\"text-align:center;\"><div class=\"ut-animated-image-item ut-image-gallery-item ut-animation-done\"><a target=\"_self\" href=\"http:\/\/cpp.com.ar\/formacion\/inteligencia-para-el-bienestar\/\" ><img title=\"4\" id=\"ut_am_69f4c523d1824\" style=\"\" src=\"https:\/\/cpp.com.ar\/formacion\/wp-content\/uploads\/sites\/3\/2024\/05\/4.png\" width=\"300\" height=\"350\" alt=\"\"\/><\/a><\/div><\/div><\/div>[vc_column_text]<\/p>\n<h2>Construyendo Respuestas: C\u00f3mo formular preguntas constructivas en psicoterapia<\/h2>\n<p><strong>Autor: Marcelo Kornberg<\/strong><\/p>\n<p>\u00bfLas preguntas que un terapeuta hace son s\u00f3lo un instrumento para recabar informaci\u00f3n? \u00bfO tambi\u00e9n pueden ser un poderoso veh\u00edculo para colaborar con la mejor\u00eda de los consultantes? Este libro se centra en el poder de las preguntas como herramientas para el cambio en psicoterapia.<\/p>\n<p><em>Disponible solo en Amazon Kindle<\/em>[\/vc_column_text]<style type=\"text\/css\" scoped>#bklyn_btn_69f4c523d1876 .bklyn-btn { border-radius:27px; }<\/style><div id=\"bklyn_btn_69f4c523d1876\" class=\"bklyn-btn-holder  bklyn-btn-left\"><a title=\"\"   href=\"https:\/\/www.amazon.com\/-\/es\/Marcelo-Kornberg-ebook\/dp\/B0B6QLT7HF\/ref=sr_1_fkmr0_1?__mk_es_US=%C3%85M%C3%85%C5%BD%C3%95%C3%91&#038;crid=2HN8D6ILDL185&#038;keywords=Construyendo+respuestas%3A+como+formular+preguntas+contructivas+en+psicoterapia&#038;qid=1658374581&#038;sprefix=construyendo+respuestas+como+formular+preguntas+contructivas+en+psicoterapia%2Caps%2C210&#038;sr=8-1-fkmr0\" target=\"_blank\" class=\"bklyn-btn bklyn-btn-icon-left bklyn-btn-small\" ><i class=\"\"><\/i>Comprar aqu\u00ed<\/a><\/div>[\/vc_column][vc_column width=\u00bb1\/4&#8243;]<div data-effect=\"fadeIn\" data-animateonce=\"yes\" data-delay=\"50\" class=\"wpb_content_element ut-animate-image animated ut-no-animation-tablet ut-no-animation-mobile  clearfix\"><style type=\"text\/css\" scoped>#ut_am_69f4c523d1c43 { opacity: 1; }<\/style><div id=\"ut_am_wrap_69f4c523d1c44\" class=\"ut-image-gallery-image \" style=\"text-align:center;\"><div class=\"ut-animated-image-item ut-image-gallery-item ut-animation-done\"><a target=\"_self\" href=\"http:\/\/cpp.com.ar\/formacion\/inteligencia-para-el-bienestar\/\" ><img title=\"2\" id=\"ut_am_69f4c523d1c43\" style=\"\" src=\"https:\/\/cpp.com.ar\/formacion\/wp-content\/uploads\/sites\/3\/2024\/05\/2-1.png\" width=\"300\" height=\"350\" alt=\"\"\/><\/a><\/div><\/div><\/div>[vc_column_text]<\/p>\n<h2>Psicoterapia online. Qu\u00e9 es y c\u00f3mo se practica<\/h2>\n<p><strong>Autores:\u00a0<\/strong>Hugo Hirsch y Marian Durao<\/p>\n<p>Estrategias para hacer terapia online de forma efectiva. Evaluaci\u00f3n del estado del arte, t\u00e9cnicas para desarrollar una buena alianza terap\u00e9utica, an\u00e1lisis de las buenas pr\u00e1cticas, qu\u00e9 tener en cuenta para la evaluaci\u00f3n online y marco legal.<\/p>\n<p><strong>\u00a1Descarg\u00e1 el capitulo 3 gratis!<\/strong>[\/vc_column_text]<style type=\"text\/css\" scoped>#bklyn_btn_69f4c523d1c7b .bklyn-btn { border-radius:27px; }<\/style><div id=\"bklyn_btn_69f4c523d1c7b\" class=\"bklyn-btn-holder  bklyn-btn-left\"><a title=\"\"   href=\"https:\/\/cpp.com.ar\/formacion\/ebook-tol\/\" target=\"_self\" class=\"bklyn-btn bklyn-btn-icon-left bklyn-btn-small\" ><i class=\"fa fa-info-circle\"><\/i>Leer m\u00e1s<\/a><\/div>[\/vc_column][vc_column width=\u00bb1\/4&#8243;]<div data-effect=\"fadeIn\" data-animateonce=\"yes\" data-delay=\"50\" class=\"wpb_content_element ut-animate-image animated ut-no-animation-tablet ut-no-animation-mobile  clearfix\"><style type=\"text\/css\" scoped>#ut_am_69f4c523d1fed { opacity: 1; }<\/style><div id=\"ut_am_wrap_69f4c523d1fee\" class=\"ut-image-gallery-image \" style=\"text-align:center;\"><div class=\"ut-animated-image-item ut-image-gallery-item ut-animation-done\"><a target=\"_self\" href=\"http:\/\/cpp.com.ar\/formacion\/como-equivocarse-menos\/\" ><img title=\"Libro en E-book &#8211; c\u00f3mo equivocarse menos en terapia\" id=\"ut_am_69f4c523d1fed\" style=\"\" src=\"https:\/\/cpp.com.ar\/formacion\/wp-content\/uploads\/sites\/3\/2024\/05\/mockup.jpg\" width=\"300\" height=\"350\" alt=\"\"\/><\/a><\/div><\/div><\/div>[vc_column_text]<\/p>\n<h2>C\u00f3mo equivocarse menos en terapia<\/h2>\n<p><strong>Autores:\u00a0<\/strong>Ruth Casabianca y Hugo Hirsch<\/p>\n<p><em>Tercera y ampliada edici\u00f3n | Dos tomos + video ilustrativo<\/em><\/p>\n<p>Un modelo de registro para las terapias basadas en el modelo desarrollado por el Brief Therapy Center del Mental Research Institute de Palo Alto, California.[\/vc_column_text]<style type=\"text\/css\" scoped>#bklyn_btn_69f4c523d2057 .bklyn-btn { border-radius:27px; }<\/style><div id=\"bklyn_btn_69f4c523d2057\" class=\"bklyn-btn-holder  bklyn-btn-left\"><a title=\"\"   href=\"http:\/\/cpp.com.ar\/formacion\/como-equivocarse-menos\/\" target=\"_self\" class=\"bklyn-btn bklyn-btn-icon-left bklyn-btn-small\" ><i class=\"fa fa-info-circle\"><\/i>Leer m\u00e1s<\/a><\/div>[\/vc_column][vc_column width=\u00bb1\/4&#8243;]<div data-effect=\"fadeIn\" data-animateonce=\"yes\" data-delay=\"50\" class=\"wpb_content_element ut-animate-image animated ut-no-animation-tablet ut-no-animation-mobile  clearfix\"><style type=\"text\/css\" scoped>#ut_am_69f4c523d240d { opacity: 1; }<\/style><div id=\"ut_am_wrap_69f4c523d240e\" class=\"ut-image-gallery-image \" style=\"text-align:center;\"><div class=\"ut-animated-image-item ut-image-gallery-item ut-animation-done\"><a target=\"_self\" href=\"http:\/\/cpp.com.ar\/formacion\/que-y-como\/\" ><img title=\"portada del libro qu\u00e9 y c\u00f3mo\" id=\"ut_am_69f4c523d240d\" style=\"\" src=\"https:\/\/cpp.com.ar\/formacion\/wp-content\/uploads\/sites\/3\/2024\/05\/3-1.png\" width=\"300\" height=\"350\" alt=\"portada del libro qu\u00e9 y c\u00f3mo\"\/><\/a><\/div><\/div><\/div>[vc_column_text]<\/p>\n<h2>Qu\u00e9 y c\u00f3mo. Pr\u00e1cticas en psicoterapia estrat\u00e9gica<\/h2>\n<p><strong>Autores:\u00a0<\/strong>D\u00e9bora Kopec y Josefina Rabinovich -Compiladoras-<br \/>\nLibro en su segunda edici\u00f3n<\/p>\n<p>En diferentes cap\u00edtulos los lectores tienen la posibilidad de encontrarse con casos concretos, y estudiar sugerencias de un esquema para comprenderlos, una propuesta de acci\u00f3n para atenderlos, y una est\u00e9tica o forma posible para esa acci\u00f3n.[\/vc_column_text]<style type=\"text\/css\" scoped>#bklyn_btn_69f4c523d2466 .bklyn-btn { border-radius:27px; }<\/style><div id=\"bklyn_btn_69f4c523d2466\" class=\"bklyn-btn-holder  bklyn-btn-left\"><a title=\"\"   href=\"http:\/\/cpp.com.ar\/formacion\/que-y-como\/\" target=\"_self\" class=\"bklyn-btn bklyn-btn-icon-left bklyn-btn-small\" ><i class=\"fa fa-info-circle\"><\/i>Leer m\u00e1s<\/a><\/div>[\/vc_column][\/vc_row][vc_row css=\u00bb.vc_custom_1716680878835{background-color: #d3d3d3 !important;}\u00bb][vc_column]<div class=\"wpb_content_element \"><style type=\"text\/css\" scoped>#ut_header_69f4c523d26d3.pt-style-2 .page-title:after, #ut_header_69f4c523d26d3.pt-style-2 .parallax-title:after, #ut_header_69f4c523d26d3.pt-style-2 .section-title:after {background-color:!important;height: ;width: ;}<\/style><header id=\"ut_header_69f4c523d26d3\" class=\"section-header pt-style-2 header-center\"><h2  class=\"section-title \"><span>LIBROS EN FORMATO IMPRESO<\/span><\/h2><div data-delay=\"0\" class=\"lead \"><p>Se pueden conseguir en el Centro Privado de Psicoterapias -Av. Libertador 6049 piso 1\u00b0A (Ciudad Aut\u00f3noma de Buenos Aires &#8211; Argentina)-. Escribir a formacion@cpp.com.ar para verificar la disponibilidad de los ejemplares.<\/p>\n<p>Librer\u00eda Paidos<\/p>\n<\/div><\/header><\/div>[\/vc_column][\/vc_row][vc_row][vc_column width=\u00bb1\/4&#8243;]<div data-effect=\"fadeIn\" data-animateonce=\"yes\" data-delay=\"50\" class=\"wpb_content_element ut-animate-image animated ut-no-animation-tablet ut-no-animation-mobile  clearfix\"><style type=\"text\/css\" scoped>#ut_am_69f4c523d2b00 { opacity: 1; }<\/style><div id=\"ut_am_wrap_69f4c523d2b01\" class=\"ut-image-gallery-image \" style=\"text-align:center;\"><div class=\"ut-animated-image-item ut-image-gallery-item ut-animation-done\"><a target=\"_self\" href=\"http:\/\/cpp.com.ar\/formacion\/inteligencia-para-el-bienestar\/\" ><img title=\"Inteligencia\" id=\"ut_am_69f4c523d2b00\" style=\"\" src=\"https:\/\/cpp.com.ar\/formacion\/wp-content\/uploads\/sites\/3\/2018\/07\/inteligencia.jpg\" width=\"300\" height=\"362\" alt=\"Inteligencia para el bienestar\"\/><\/a><\/div><\/div><\/div><div class=\"wpb_content_element \"><style type=\"text\/css\" scoped>#ut_header_69f4c523d2c53.pt-style-2 .page-title:after, #ut_header_69f4c523d2c53.pt-style-2 .parallax-title:after, #ut_header_69f4c523d2c53.pt-style-2 .section-title:after {background-color:!important;height: ;width: ;}<\/style><header id=\"ut_header_69f4c523d2c53\" class=\"section-header pt-style-2 header-left\"><h2  class=\"section-title \"><span>Inteligencia para el Bienestar<\/span><\/h2><div data-delay=\"0\" class=\"lead \"><p><b>Pablo F. Hirsch<\/b><\/p>\n<p>Conoc\u00e9 la novedosa concepci\u00f3n de la inteligencia desarrollada por Pablo Hirsch y logra desarrollarla mediante ejercicios y autoconocimiento para vivir cada d\u00eda mejor.<br \/>\nEn este sitio web, encontrar\u00e1s ejercicios complementarios al libro para aplicar lo aprendido.<\/p>\n<\/div><\/header><\/div><style type=\"text\/css\" scoped>#bklyn_btn_69f4c523d2cd5 .bklyn-btn { border-radius:27px; }<\/style><div id=\"bklyn_btn_69f4c523d2cd5\" class=\"bklyn-btn-holder  bklyn-btn-left\"><a title=\"\"   href=\"http:\/\/cpp.com.ar\/formacion\/inteligencia-para-el-bienestar\/\" target=\"_self\" class=\"bklyn-btn bklyn-btn-icon-left bklyn-btn-small\" ><i class=\"fa fa-info-circle\"><\/i>Leer m\u00e1s<\/a><\/div>[\/vc_column][vc_column width=\u00bb1\/4&#8243;]<div data-effect=\"fadeIn\" data-animateonce=\"yes\" data-delay=\"50\" class=\"wpb_content_element ut-animate-image animated ut-no-animation-tablet ut-no-animation-mobile  clearfix\"><style type=\"text\/css\" scoped>#ut_am_69f4c523d2fcf { opacity: 1; }<\/style><div id=\"ut_am_wrap_69f4c523d2fd0\" class=\"ut-image-gallery-image \" style=\"text-align:center;\"><div class=\"ut-animated-image-item ut-image-gallery-item ut-animation-done\"><a target=\"_self\" href=\"http:\/\/cpp.com.ar\/formacion\/reconstruir-una-relacion\/\" ><img title=\"Como reconstruir\" id=\"ut_am_69f4c523d2fcf\" style=\"\" src=\"https:\/\/cpp.com.ar\/formacion\/wp-content\/uploads\/sites\/3\/2018\/07\/como-reconstruir.jpg\" width=\"300\" height=\"363\" alt=\"Como reconstruir una relacion\"\/><\/a><\/div><\/div><\/div><div class=\"wpb_content_element \"><style type=\"text\/css\" scoped>#ut_header_69f4c523d3095.pt-style-2 .page-title:after, #ut_header_69f4c523d3095.pt-style-2 .parallax-title:after, #ut_header_69f4c523d3095.pt-style-2 .section-title:after {background-color:!important;height: ;width: ;}<\/style><header id=\"ut_header_69f4c523d3095\" class=\"section-header pt-style-2 header-left\"><h2  class=\"section-title \"><span>C\u00f3mo reconstruir una relaci\u00f3n<\/span><\/h2><div data-delay=\"0\" class=\"lead \"><p><b>Gabriela Rougier y Marcelo Kornberg<\/b><\/p>\n<p>Este libro, a trav\u00e9s de di\u00e1logos e historias de parejas \u201cen terapia\u201d, ense\u00f1a diferentes modelos psicoterap\u00e9uticos, t\u00e9cnicas de evaluaci\u00f3n e intervenci\u00f3n. Brinda al terapeuta un abanico de opciones que puede aplicar en base a su preferencia personal y a las caracter\u00edsticas de las personas que lo consultan.<\/p>\n<\/div><\/header><\/div><style type=\"text\/css\" scoped>#bklyn_btn_69f4c523d30e4 .bklyn-btn { border-radius:27px; }<\/style><div id=\"bklyn_btn_69f4c523d30e4\" class=\"bklyn-btn-holder  bklyn-btn-left\"><a title=\"\"   href=\"http:\/\/cpp.com.ar\/formacion\/reconstruir-una-relacion\/\" target=\"_self\" class=\"bklyn-btn bklyn-btn-icon-left bklyn-btn-small\" ><i class=\"fa fa-info-circle\"><\/i>Leer m\u00e1s<\/a><\/div>[\/vc_column][vc_column width=\u00bb1\/4&#8243;]<div data-effect=\"fadeIn\" data-animateonce=\"yes\" data-delay=\"50\" class=\"wpb_content_element ut-animate-image animated ut-no-animation-tablet ut-no-animation-mobile  clearfix\"><style type=\"text\/css\" scoped>#ut_am_69f4c523d33f6 { opacity: 1; }<\/style><div id=\"ut_am_wrap_69f4c523d33f7\" class=\"ut-image-gallery-image \" style=\"text-align:center;\"><div class=\"ut-animated-image-item ut-image-gallery-item ut-animation-done\"><a target=\"_self\" href=\"http:\/\/cpp.com.ar\/formacion\/estrategias-psicoterapeuticas-institucionales\/\" ><img title=\"estrategias\" id=\"ut_am_69f4c523d33f6\" style=\"\" src=\"https:\/\/cpp.com.ar\/formacion\/wp-content\/uploads\/sites\/3\/2018\/07\/estrategias.jpg\" width=\"300\" height=\"363\" alt=\"estrategias\"\/><\/a><\/div><\/div><\/div><div class=\"wpb_content_element \"><style type=\"text\/css\" scoped>#ut_header_69f4c523d34bc.pt-style-2 .page-title:after, #ut_header_69f4c523d34bc.pt-style-2 .parallax-title:after, #ut_header_69f4c523d34bc.pt-style-2 .section-title:after {background-color:!important;height: ;width: ;}<\/style><header id=\"ut_header_69f4c523d34bc\" class=\"section-header pt-style-2 header-left\"><h2  class=\"section-title \"><span>Estrategias Psicoterap\u00e9uticas Institucionales<\/span><\/h2><div data-delay=\"0\" class=\"lead \"><p><b>Hugo Hirsch y Hugo Rosarios<\/b><br \/>\nLibro en su segunda edici\u00f3n<\/p>\n<p>Un cl\u00e1sico siempre vigente, refleja el registro de la historia de la Organizaci\u00f3n, el contexto hist\u00f3rico en el que se integraron las ideas del modelo MRI con la realidad de la salud mental p\u00fablica en Argentina. <\/p>\n<\/div><\/header><\/div><style type=\"text\/css\" scoped>#bklyn_btn_69f4c523d350b .bklyn-btn { border-radius:27px; }<\/style><div id=\"bklyn_btn_69f4c523d350b\" class=\"bklyn-btn-holder  bklyn-btn-left\"><a title=\"\"   href=\"http:\/\/cpp.com.ar\/formacion\/estrategias-psicoterapeuticas-institucionales\/\" target=\"_self\" class=\"bklyn-btn bklyn-btn-icon-left bklyn-btn-small\" ><i class=\"fa fa-info-circle\"><\/i>Leer m\u00e1s<\/a><\/div>[\/vc_column][vc_column width=\u00bb1\/4&#8243;]<div data-effect=\"fadeIn\" data-animateonce=\"yes\" data-delay=\"50\" class=\"wpb_content_element ut-animate-image animated ut-no-animation-tablet ut-no-animation-mobile  clearfix\"><style type=\"text\/css\" scoped>#ut_am_69f4c523d37fe { opacity: 1; }<\/style><div id=\"ut_am_wrap_69f4c523d37ff\" class=\"ut-image-gallery-image \" style=\"text-align:center;\"><div class=\"ut-animated-image-item ut-image-gallery-item ut-animation-done\"><a target=\"_self\" href=\"http:\/\/cpp.com.ar\/formacion\/arte-y-oficio\/\" ><img title=\"Arte y oficio\" id=\"ut_am_69f4c523d37fe\" style=\"\" src=\"https:\/\/cpp.com.ar\/formacion\/wp-content\/uploads\/sites\/3\/2018\/07\/arte-y-oficio.jpg\" width=\"300\" height=\"363\" alt=\"Arte y oficio\"\/><\/a><\/div><\/div><\/div><div class=\"wpb_content_element \"><style type=\"text\/css\" scoped>#ut_header_69f4c523d38bd.pt-style-2 .page-title:after, #ut_header_69f4c523d38bd.pt-style-2 .parallax-title:after, #ut_header_69f4c523d38bd.pt-style-2 .section-title:after {background-color:!important;height: ;width: ;}<\/style><header id=\"ut_header_69f4c523d38bd\" class=\"section-header pt-style-2 header-left\"><h2  class=\"section-title \"><span>Arte y oficio del psicoterapeuta<br \/>\nEstrategias para su autodesarrollo y cuidado<\/span><\/h2><div data-delay=\"0\" class=\"lead \"><p>Pablo F. Hirsch<\/p>\n<p>El eje del libro es brindar al lector una serie de ideas, ejercicios y propuestas que lo ayuden en la b\u00fasqueda de un equilibrio entre su vida personal y profesional.<\/p>\n<\/div><\/header><\/div><style type=\"text\/css\" scoped>#bklyn_btn_69f4c523d38fd .bklyn-btn { border-radius:27px; }<\/style><div id=\"bklyn_btn_69f4c523d38fd\" class=\"bklyn-btn-holder  bklyn-btn-left\"><a title=\"\"   href=\"http:\/\/cpp.com.ar\/formacion\/arte-y-oficio\/\" target=\"_self\" class=\"bklyn-btn bklyn-btn-icon-left bklyn-btn-small\" ><i class=\"fa fa-info-circle\"><\/i>Leer m\u00e1s<\/a><\/div>[\/vc_column][\/vc_row][\/vc_section]<\/p>\n<\/section>","protected":false},"excerpt":{"rendered":"<p>[vc_section][vc_row][vc_column][vc_column_text]Como organizaci\u00f3n orientada a la acci\u00f3n, los libros\u00a0\u201cEstrategias psicoterap\u00e9uticas institucionales\u201d, \u201cC\u00f3mo equivocarse menos en terapia\u201d y\u00a0\u201cQu\u00e9 y C\u00f3mo. Pr\u00e1cticas en psicoterapia estrat\u00e9gica\u201d representan, en ese orden,\u00a0 la historia del desarrollo conceptual de nuestra Organizaci\u00f3n y los mas de 40 a\u00f1os de experiencia cl\u00ednica,\u00a0 plasmados en una s\u00edntesis te\u00f3rico\/ pr\u00e1ctica.[\/vc_column_text][\/vc_column][\/vc_row][vc_row css=\u00bb.vc_custom_1716679691906{background-color: #d3d3d3 !important;}\u00bb][vc_column][\/vc_column][\/vc_row][vc_row][vc_column width=\u00bb1\/4&#8243;][vc_column_text] Construyendo Respuestas: [&hellip;]<\/p>\n","protected":false},"author":1,"featured_media":0,"parent":0,"menu_order":0,"comment_status":"closed","ping_status":"closed","template":"","meta":{"footnotes":""},"acf":[],"_links":{"self":[{"href":"https:\/\/cpp.com.ar\/formacion\/wp-json\/wp\/v2\/pages\/258"}],"collection":[{"href":"https:\/\/cpp.com.ar\/formacion\/wp-json\/wp\/v2\/pages"}],"about":[{"href":"https:\/\/cpp.com.ar\/formacion\/wp-json\/wp\/v2\/types\/page"}],"author":[{"embeddable":true,"href":"https:\/\/cpp.com.ar\/formacion\/wp-json\/wp\/v2\/users\/1"}],"replies":[{"embeddable":true,"href":"https:\/\/cpp.com.ar\/formacion\/wp-json\/wp\/v2\/comments?post=258"}],"version-history":[{"count":47,"href":"https:\/\/cpp.com.ar\/formacion\/wp-json\/wp\/v2\/pages\/258\/revisions"}],"predecessor-version":[{"id":8427,"href":"https:\/\/cpp.com.ar\/formacion\/wp-json\/wp\/v2\/pages\/258\/revisions\/8427"}],"wp:attachment":[{"href":"https:\/\/cpp.com.ar\/formacion\/wp-json\/wp\/v2\/media?parent=258"}],"curies":[{"name":"wp","href":"https:\/\/api.w.org\/{rel}","templated":true}]}}