{"id":146,"date":"2018-06-18T16:20:36","date_gmt":"2018-06-18T19:20:36","guid":{"rendered":"http:\/\/cpp.com.ar\/formacion\/?page_id=146"},"modified":"2024-06-03T11:55:18","modified_gmt":"2024-06-03T14:55:18","slug":"postgrado-en-terapia-focalizada","status":"publish","type":"page","link":"https:\/\/cpp.com.ar\/formacion\/postgrado-en-terapia-focalizada\/","title":{"rendered":"Posgrado en Psicoterapia Breve Sist\u00e9mica"},"content":{"rendered":"<section class=\"wpb-content-wrapper\"><p>[vc_section bklyn_overlay=\u00bbtrue\u00bb bklyn_overlay_pattern=\u00bbtrue\u00bb el_id=\u00bbtitulo\u00bb css=\u00bb.vc_custom_1670255952349{background-image: url(https:\/\/cpp.com.ar\/formacion\/wp-content\/uploads\/sites\/3\/2022\/12\/pweb.jpg?id=7842) !important;}\u00bb bklyn_overlay_color=\u00bbrgba(0, 0, 0, 0.32)\u00bb][vc_row][vc_column]<div class=\"wpb_content_element \"><style type=\"text\/css\" scoped>#ut_header_69f3e71caa375 h2 span { color:#ffffff; }#ut_header_69f3e71caa375 h2.section-title { font-size: 50px; }#ut_header_69f3e71caa375.pt-style-2 .page-title:after, #ut_header_69f3e71caa375.pt-style-2 .parallax-title:after, #ut_header_69f3e71caa375.pt-style-2 .section-title:after {background-color: #ffffff !important;height: ;width: ;}<\/style><header id=\"ut_header_69f3e71caa375\" class=\"section-header pt-style-2 header-left\"><h2  class=\"section-title \"><span>Posgrado en Psicoterapia Breve Sist\u00e9mica<\/span><\/h2><\/header><\/div>[vc_column_text]<\/p>\n<h3><span style=\"color: #ffffff;\"><em><strong>Inscripciones cerradas<\/strong><\/em><\/span><\/h3>\n<h3><span style=\"font-weight: 400; color: #ffffff;\">Modalidad: <strong>online en vivo y contenidos asincr\u00f3nicos<\/strong><\/span><\/h3>\n<h4><span style=\"font-weight: 400; color: #ffffff;\">Doble titulaci\u00f3n (al finalizar primero y segundo a\u00f1o)<\/span><\/h4>\n<p>[\/vc_column_text][\/vc_column][\/vc_row][vc_row][vc_column width=\u00bb1\/4&#8243;]<style type=\"text\/css\" scoped>#bklyn_btn_69f3e71caa3c3 .bklyn-btn { color:#000000; border-color:#ffffff; border-radius:7px; background-color:#ffffff; }#bklyn_btn_69f3e71caa3c3 .bklyn-btn:hover{ color:#ffffff; border-color:#00cdb5; background-color:#00cdb5; }#bklyn_btn_69f3e71caa3c3 .bklyn-btn:focus{ color:#ffffff; border-color:#00cdb5; background-color:#00cdb5; }#bklyn_btn_69f3e71caa3c3 .bklyn-btn:active { color:#ffffff; border-color:#00cdb5; background-color:#00cdb5; }<\/style><div id=\"bklyn_btn_69f3e71caa3c3\" class=\"bklyn-btn-holder  bklyn-btn-left\"><a title=\"\"   href=\"#contacto\" target=\"_self\" class=\"bklyn-btn bklyn-btn-outline bklyn-btn-normal\" >DESCARGAR PROGRAMA<\/a><\/div><style type=\"text\/css\" scoped>#bklyn_btn_69f3e71caa427 .bklyn-btn { color:#ffffff; border-radius:7px; background-color:transparent; }#bklyn_btn_69f3e71caa427 .bklyn-btn:hover{ color:#00cdb5; background-color:transparent; }#bklyn_btn_69f3e71caa427 .bklyn-btn:focus{ color:#00cdb5; background-color:transparent; }#bklyn_btn_69f3e71caa427 .bklyn-btn:active { color:#00cdb5; background-color:transparent; }<\/style><div id=\"bklyn_btn_69f3e71caa427\" class=\"bklyn-btn-holder  bklyn-btn-left\"><a title=\"\"   href=\"#preguntas-frecuentes\" target=\"_self\" class=\"bklyn-btn  bklyn-btn-normal\" >Preguntas frecuentes<\/a><\/div>[\/vc_column][vc_column width=\u00bb1\/4&#8243;][\/vc_column][vc_column width=\u00bb1\/4&#8243;][\/vc_column][vc_column width=\u00bb1\/4&#8243;][\/vc_column][\/vc_row][\/vc_section][vc_section bklyn_section_anchor_id=\u00bbAbout\u00bb][vc_row][vc_column width=\u00bb2\/3&#8243;]<div class=\"wpb_content_element \"><style type=\"text\/css\" scoped>#ut_header_69f3e71caa44c.pt-style-2 .page-title:after, #ut_header_69f3e71caa44c.pt-style-2 .parallax-title:after, #ut_header_69f3e71caa44c.pt-style-2 .section-title:after {background-color:!important;height: ;width: ;}<\/style><header id=\"ut_header_69f3e71caa44c\" class=\"section-header pt-style-2 header-left\"><h2  class=\"section-title \"><span><b>\u00bfPor qu\u00e9 elegir el posgrado?<\/b><\/span><\/h2><\/header><\/div>[vc_column_text]<\/p>\n<ul>\n<li style=\"font-weight: 400;\" aria-level=\"1\"><span style=\"font-weight: 400;\">Nuestro posgrado nace a partir de la experiencia de m\u00e1s de 40 a\u00f1os del Centro Privado de Psicoterapias asistiendo a\u00a0 grandes poblaciones de pacientes, es por esto que su programa se nutre de lo m\u00e1s valioso que puede buscar quien nos elija: <\/span><b>aprender de casos reales y de terapeutas expertos<\/b><span style=\"font-weight: 400;\">.<\/span><\/li>\n<li style=\"font-weight: 400;\" aria-level=\"1\"><span style=\"font-weight: 400;\">El marco te\u00f3rico breve sist\u00e9mico es una de las modalidades de psicoterapia m\u00e1s interesantes y efectivas en lo que a la pr\u00e1ctica cl\u00ednica se refiere.<\/span><\/li>\n<li style=\"font-weight: 400;\" aria-level=\"1\"><span style=\"font-weight: 400;\">La formaci\u00f3n especializada en estrategias y t\u00e9cnicas de intervenci\u00f3n, te va a permitir optimizar tu repertorio de recursos cl\u00ednicos y mejorar la eficacia de tu pr\u00e1ctica profesional en todas las \u00e1reas de la cl\u00ednica, incluyendo el abordaje a sistemas m\u00e1s amplios como el escolar, legal y m\u00e9dico.<\/span><\/li>\n<\/ul>\n<p>[\/vc_column_text][\/vc_column][vc_column width=\u00bb1\/3&#8243;]<div  class=\"wpb_content_element   clearfix\"><style type=\"text\/css\" scoped>#ut_am_69f3e71caa7a0 { opacity: 1; }<\/style><div id=\"ut_am_wrap_69f3e71caa7a1\" class=\"ut-image-gallery-image \" style=\"text-align:left;\"><div class=\"ut-animated-image-item ut-image-gallery-item ut-animation-done\"><a class=\"ut-deactivated-link\" href=\"#\"><img title=\"foto posgrado\" id=\"ut_am_69f3e71caa7a0\" style=\"\" src=\"https:\/\/cpp.com.ar\/formacion\/wp-content\/uploads\/sites\/3\/2022\/12\/foto-posgrado.png\" width=\"300\" height=\"400\" alt=\"\"\/><\/a><\/div><\/div><\/div>[\/vc_column][\/vc_row][vc_row css=\u00bb.vc_custom_1670256567061{background-color: #e0e0e0 !important;}\u00bb][vc_column width=\u00bb1\/2&#8243;][vc_column_text]<\/p>\n<h3 style=\"text-align: center;\"><b>Para aquellos que no tienen experiencia cl\u00ednica<\/b><\/h3>\n<p style=\"text-align: center;\"><span style=\"font-weight: 400;\">El posgrado es un excelente espacio para iniciarse en la pr\u00e1ctica psicoterap\u00e9utica y crear una red de contactos, incluida la posibilidad de sumarse a nuestro equipo de profesionales al egresar.<\/span><\/p>\n<p>[\/vc_column_text][\/vc_column][vc_column width=\u00bb1\/2&#8243;][vc_column_text]<\/p>\n<h3 style=\"text-align: center;\"><b>Para aquellos que quieren mejorar su pr\u00e1ctica cl\u00ednica<\/b><\/h3>\n<p style=\"text-align: center;\"><span style=\"font-weight: 400;\">La terapia breve sist\u00e9mica es un modelo eficiente y eficaz para optimizar tu repertorio de recursos t\u00e9cnicos y mejorar tu pr\u00e1ctica profesional. Si cont\u00e1s con experiencia en el modelo, pero quer\u00e9s optimizar tu pr\u00e1ctica cl\u00ednica consult\u00e1 por la formaci\u00f3n de un a\u00f1o de duraci\u00f3n.<\/span><\/p>\n<p>[\/vc_column_text][\/vc_column][\/vc_row][vc_row equal_height=\u00bbyes\u00bb][vc_column]<div class=\"wpb_content_element \"><style type=\"text\/css\" scoped>#ut_header_69f3e71caa8f1.pt-style-2 .page-title:after, #ut_header_69f3e71caa8f1.pt-style-2 .parallax-title:after, #ut_header_69f3e71caa8f1.pt-style-2 .section-title:after {background-color:!important;height: ;width: ;}<\/style><header id=\"ut_header_69f3e71caa8f1\" class=\"section-header pt-style-2 header-center\"><h2  class=\"section-title \"><span><b>\u00bfQu\u00e9 vas a aprender?<\/b><\/span><\/h2><\/header><\/div>[vc_column_text]<\/p>\n<h4 style=\"text-align: center;\"><span style=\"font-weight: 400;\">Al finalizar el posgrado el egresado poseer\u00e1 un conjunto de conocimientos y destrezas que le permitir\u00e1n no solo saber, <\/span><\/h4>\n<h4 style=\"text-align: center;\"><span style=\"font-weight: 400;\">sino <\/span><b>saber hacer<\/b><span style=\"font-weight: 400;\">.<\/span><\/h4>\n<p>[\/vc_column_text][vc_row_inner css=\u00bb.vc_custom_1670259334350{margin-right: 20px !important;margin-left: 20px !important;}\u00bb][vc_column_inner width=\u00bb1\/4&#8243;]<div class=\"wpb_content_element \"><style type=\"text\/css\" scoped>#ut_sc_69f3e71caab6c .ut-service-icon.ut-service-icon-round { background: #2FC0D7; }#ut_sc_69f3e71caab6c .ut-service-icon.ut-service-icon-square { background: #2FC0D7; }#ut_sc_69f3e71caab6c .ut-service-icon.ut-service-icon-rounded { background: #2FC0D7; }<\/style><div id=\"ut_sc_69f3e71caab6c\" data-effect=\"fadeInUp\" data-animateonce=\"yes\" data-delay=\"50\" class=\"ut-horizontal-style-align-left  clearfix  ut-animate-element animated ut-no-animation-tablet ut-no-animation-mobile\" ><figure class=\"ut-service-icon ut-service-icon-large ut-service-icon-round \"><i style=\"color: #FFF;\" class=\"fa fa fa-calendar\"><\/i><\/figure><div class=\"ut-service-column ut-service-column-horiz\" ><h3>2 a\u00f1os de duraci\u00f3n<\/h3><\/div><\/div><\/div>[\/vc_column_inner][vc_column_inner width=\u00bb1\/4&#8243;]<div class=\"wpb_content_element \"><style type=\"text\/css\" scoped>#ut_sc_69f3e71caafba .ut-service-icon.ut-service-icon-round { background: #2FC0D7; }#ut_sc_69f3e71caafba .ut-service-icon.ut-service-icon-square { background: #2FC0D7; }#ut_sc_69f3e71caafba .ut-service-icon.ut-service-icon-rounded { background: #2FC0D7; }<\/style><div id=\"ut_sc_69f3e71caafba\" data-effect=\"fadeInUp\" data-animateonce=\"yes\" data-delay=\"100\" class=\"ut-horizontal-style-align-left  clearfix  ut-animate-element animated ut-no-animation-tablet ut-no-animation-mobile\" ><figure class=\"ut-service-icon ut-service-icon-large ut-service-icon-round \"><i style=\"color: #FFF;\" class=\"fa fa fa-video-camera\"><\/i><\/figure><div class=\"ut-service-column ut-service-column-horiz\" ><h3>Casos reales videograbados y supervisiones con expertos<\/h3><\/div><\/div><\/div>[\/vc_column_inner][vc_column_inner width=\u00bb1\/4&#8243;]<div class=\"wpb_content_element \"><style type=\"text\/css\" scoped>#ut_sc_69f3e71cab268 .ut-service-icon.ut-service-icon-round { background: #2FC0D7; }#ut_sc_69f3e71cab268 .ut-service-icon.ut-service-icon-square { background: #2FC0D7; }#ut_sc_69f3e71cab268 .ut-service-icon.ut-service-icon-rounded { background: #2FC0D7; }<\/style><div id=\"ut_sc_69f3e71cab268\" data-effect=\"fadeInUp\" data-animateonce=\"yes\" data-delay=\"100\" class=\"ut-horizontal-style-align-left  clearfix  ut-animate-element animated ut-no-animation-tablet ut-no-animation-mobile\" ><figure class=\"ut-service-icon ut-service-icon-large ut-service-icon-round \"><i style=\"color: #FFF;\" class=\"fa fa fa-graduation-cap\"><\/i><\/figure><div class=\"ut-service-column ut-service-column-horiz\" ><h3>Modalidad online<\/h3><\/div><\/div><\/div>[\/vc_column_inner][vc_column_inner width=\u00bb1\/4&#8243;]<div class=\"wpb_content_element \"><style type=\"text\/css\" scoped>#ut_sc_69f3e71cab6cb .ut-service-icon.ut-service-icon-round { background: #2FC0D7; }#ut_sc_69f3e71cab6cb .ut-service-icon.ut-service-icon-square { background: #2FC0D7; }#ut_sc_69f3e71cab6cb .ut-service-icon.ut-service-icon-rounded { background: #2FC0D7; }<\/style><div id=\"ut_sc_69f3e71cab6cb\" data-effect=\"fadeInUp\" data-animateonce=\"yes\" data-delay=\"50\" class=\"ut-horizontal-style-align-left  clearfix  ut-animate-element animated ut-no-animation-tablet ut-no-animation-mobile\" ><figure class=\"ut-service-icon ut-service-icon-large ut-service-icon-round \"><i style=\"color: #FFF;\" class=\"fa fa fa-clock-o\"><\/i><\/figure><div class=\"ut-service-column ut-service-column-horiz\" ><h3>420 horas c\u00e1tedra<\/h3><\/div><\/div><\/div>[\/vc_column_inner][\/vc_row_inner][\/vc_column][\/vc_row][\/vc_section][vc_section bklyn_section_anchor_id=\u00bbOur Team\u00bb][vc_row][vc_column][vc_empty_space height=\u00bb70px\u00bb]<div class=\"wpb_content_element \"><style type=\"text\/css\" scoped>#ut_header_69f3e71cab915.pt-style-2 .page-title:after, #ut_header_69f3e71cab915.pt-style-2 .parallax-title:after, #ut_header_69f3e71cab915.pt-style-2 .section-title:after {background-color:!important;height: ;width: ;}<\/style><header id=\"ut_header_69f3e71cab915\" class=\"section-header pt-style-2 header-center\"><h2  class=\"section-title \"><span><b>Al unirte al Posgrado obtendr\u00e1s<\/b><\/span><\/h2><\/header><\/div>[\/vc_column][\/vc_row][vc_row equal_height=\u00bbyes\u00bb][vc_column width=\u00bb1\/3&#8243;]<div data-effect=\"fadeInDown\" data-animateonce=\"yes\" data-delay=\"0\" class=\"wpb_content_element ut-animate-image animated ut-no-animation-tablet ut-no-animation-mobile  clearfix\"><style type=\"text\/css\" scoped>#ut_am_69f3e71cabdc6 { opacity: 1; }<\/style><div id=\"ut_am_wrap_69f3e71cabdc7\" class=\"ut-image-gallery-image \" style=\"text-align:center;\"><div class=\"ut-animated-image-item ut-image-gallery-item ut-animation-done\"><a class=\"ut-deactivated-link\" href=\"#\"><img title=\"Plataforma virtual\" id=\"ut_am_69f3e71cabdc6\" style=\"\" src=\"https:\/\/cpp.com.ar\/formacion\/wp-content\/uploads\/sites\/3\/2018\/07\/plataforma-virtual-150x150.png\" width=\"150\" height=\"150\" alt=\"Plataforma virtual\"\/><\/a><\/div><\/div><\/div><div class=\"wpb_content_element \"><style type=\"text\/css\" scoped>#ut_header_69f3e71cabe08 h2.section-title { font-size: 20px; }#ut_header_69f3e71cabe08.pt-style-2 .page-title:after, #ut_header_69f3e71cabe08.pt-style-2 .parallax-title:after, #ut_header_69f3e71cabe08.pt-style-2 .section-title:after {background-color:!important;height: ;width: ;}<\/style><header id=\"ut_header_69f3e71cabe08\" class=\"section-header pt-style-2 header-center\"><h2  class=\"section-title \"><span>Plataforma<br \/>\nVirtual<\/span><\/h2><\/header><\/div>[vc_column_text]<\/p>\n<p style=\"text-align: center;\">Acceso al material de clases\u00a0las 24 horas del d\u00eda con espacio\u00a0de comunicaci\u00f3n con tus docentes.<\/p>\n<p>[\/vc_column_text][\/vc_column][vc_column width=\u00bb1\/3&#8243;]<div data-effect=\"fadeInDown\" data-animateonce=\"yes\" data-delay=\"0\" class=\"wpb_content_element ut-animate-image animated ut-no-animation-tablet ut-no-animation-mobile  clearfix\"><style type=\"text\/css\" scoped>#ut_am_69f3e71cac270 { opacity: 1; }<\/style><div id=\"ut_am_wrap_69f3e71cac271\" class=\"ut-image-gallery-image \" style=\"text-align:center;\"><div class=\"ut-animated-image-item ut-image-gallery-item ut-animation-done\"><a class=\"ut-deactivated-link\" href=\"#\"><img title=\"Contacto con la clinica\" id=\"ut_am_69f3e71cac270\" style=\"\" src=\"https:\/\/cpp.com.ar\/formacion\/wp-content\/uploads\/sites\/3\/2018\/07\/contacto-con-la-clinica-150x150.png\" width=\"150\" height=\"150\" alt=\"\"\/><\/a><\/div><\/div><\/div><div class=\"wpb_content_element \"><style type=\"text\/css\" scoped>#ut_header_69f3e71cac2a9 h2.section-title { font-size: 20px; }#ut_header_69f3e71cac2a9.pt-style-2 .page-title:after, #ut_header_69f3e71cac2a9.pt-style-2 .parallax-title:after, #ut_header_69f3e71cac2a9.pt-style-2 .section-title:after {background-color:!important;height: ;width: ;}<\/style><header id=\"ut_header_69f3e71cac2a9\" class=\"section-header pt-style-2 header-center\"><h2  class=\"section-title \"><span>Formaci\u00f3n en contacto con la pr\u00e1ctica<\/span><\/h2><\/header><\/div>[vc_column_text]<\/p>\n<p style=\"text-align: center;\">Aprend\u00e9 con pacientes reales analizando sesiones videograbadas con terapeutas expertos.<\/p>\n<p>[\/vc_column_text][\/vc_column][vc_column width=\u00bb1\/3&#8243;]<div data-effect=\"fadeInDown\" data-animateonce=\"yes\" data-delay=\"0\" class=\"wpb_content_element ut-animate-image animated ut-no-animation-tablet ut-no-animation-mobile  clearfix\"><style type=\"text\/css\" scoped>#ut_am_69f3e71cac691 { opacity: 1; }<\/style><div id=\"ut_am_wrap_69f3e71cac692\" class=\"ut-image-gallery-image \" style=\"text-align:center;\"><div class=\"ut-animated-image-item ut-image-gallery-item ut-animation-done\"><a class=\"ut-deactivated-link\" href=\"#\"><img title=\"Base de datos\" id=\"ut_am_69f3e71cac691\" style=\"\" src=\"https:\/\/cpp.com.ar\/formacion\/wp-content\/uploads\/sites\/3\/2018\/07\/base-de-datos-150x150.png\" width=\"150\" height=\"150\" alt=\"Base de datos\"\/><\/a><\/div><\/div><\/div><div class=\"wpb_content_element \"><style type=\"text\/css\" scoped>#ut_header_69f3e71cac6c8 h2.section-title { font-size: 20px; }#ut_header_69f3e71cac6c8.pt-style-2 .page-title:after, #ut_header_69f3e71cac6c8.pt-style-2 .parallax-title:after, #ut_header_69f3e71cac6c8.pt-style-2 .section-title:after {background-color:!important;height: ;width: ;}<\/style><header id=\"ut_header_69f3e71cac6c8\" class=\"section-header pt-style-2 header-center\"><h2  class=\"section-title \"><span>Potenci\u00e1 tu desarrollo profesional<\/span><\/h2><\/header><\/div>[vc_column_text]<\/p>\n<p style=\"text-align: center;\">Aprend\u00e9 a planificar el tratamiento, establecer objetivos con el paciente y evaluar los resultados para mejorar tu desempe\u00f1o terap\u00e9utico<\/p>\n<p>[\/vc_column_text][\/vc_column][\/vc_row][vc_row css=\u00bb.vc_custom_1670260520772{background-color: #e2e2e2 !important;}\u00bb][vc_column width=\u00bb1\/3&#8243;]<div  class=\"wpb_content_element   clearfix\"><style type=\"text\/css\" scoped>#ut_am_69f3e71caca67 { opacity: 1; }<\/style><div id=\"ut_am_wrap_69f3e71caca68\" class=\"ut-image-gallery-image \" style=\"text-align:left;\"><div class=\"ut-animated-image-item ut-image-gallery-item ut-animation-done\"><a class=\"ut-deactivated-link\" href=\"#\"><img title=\"foto 2 posgrado\" id=\"ut_am_69f3e71caca67\" style=\"\" src=\"https:\/\/cpp.com.ar\/formacion\/wp-content\/uploads\/sites\/3\/2022\/12\/foto-2-posgrado.png\" width=\"300\" height=\"300\" alt=\"desarrollo profesional\"\/><\/a><\/div><\/div><\/div>[\/vc_column][vc_column width=\u00bb2\/3&#8243;]<div class=\"wpb_content_element \"><style type=\"text\/css\" scoped>#ut_header_69f3e71cacaa0.pt-style-2 .page-title:after, #ut_header_69f3e71cacaa0.pt-style-2 .parallax-title:after, #ut_header_69f3e71cacaa0.pt-style-2 .section-title:after {background-color:!important;height: ;width: ;}<\/style><header id=\"ut_header_69f3e71cacaa0\" class=\"section-header pt-style-2 header-left\"><h2  class=\"section-title \"><span><b>Desarrollo Profesional<\/b><\/span><\/h2><\/header><\/div>[vc_column_text]<\/p>\n<ul>\n<li style=\"font-weight: 400;\" aria-level=\"1\"><span style=\"font-weight: 400;\">Obten\u00e9 habilidades terap\u00e9uticas dentro del modelo.<\/span><\/li>\n<li style=\"font-weight: 400;\" aria-level=\"1\"><span style=\"font-weight: 400;\">Llevate una caja de herramientas para ser utilizada en las sesiones.<\/span><\/li>\n<li style=\"font-weight: 400;\" aria-level=\"1\"><span style=\"font-weight: 400;\">Nuestro principal recurso docente para ense\u00f1ar pr\u00e1ctica cl\u00ednica es mostrar a nuestros estudiantes c\u00f3mo se hace psicoterapia, supervisando sus casos con terapeutas expertos, participando de sesiones en vivo en tiempo real o a trav\u00e9s del an\u00e1lisis de sesiones videograbadas de casos reales.<\/span><\/li>\n<\/ul>\n<p>[\/vc_column_text][\/vc_column][\/vc_row][\/vc_section][vc_section bklyn_section_anchor_id=\u00bbServices\u00bb][vc_row][vc_column]<div class=\"wpb_content_element \"><style type=\"text\/css\" scoped>#ut_header_69f3e71caccc9 h2 span { color:#000000; }#ut_header_69f3e71caccc9 .lead { color:#000000; }#ut_header_69f3e71caccc9 .lead p { color:#000000; }#ut_header_69f3e71caccc9.pt-style-2 .page-title:after, #ut_header_69f3e71caccc9.pt-style-2 .parallax-title:after, #ut_header_69f3e71caccc9.pt-style-2 .section-title:after {background-color: #000000 !important;height: ;width: ;}<\/style><header id=\"ut_header_69f3e71caccc9\" class=\"section-header pt-style-2 header-center\"><h2  class=\"section-title \"><span><b>Experiencias de nuestros alumnos<\/b><\/span><\/h2><\/header><\/div>[\/vc_column][\/vc_row][vc_row][vc_column width=\u00bb1\/3&#8243;]<div class=\"wpb_content_element \"><iframe loading=\"lazy\" src=\"https:\/\/www.youtube.com\/embed\/lLHghpmPbPA\" width=\"560\" height=\"315\" frameborder=\"0\" allowfullscreen=\"allowfullscreen\"><\/iframe><\/div>[vc_column_text]<\/p>\n<p style=\"text-align: center;\"><strong>MILAGROS VARELA<\/strong><br \/>\nAlumna 1er a\u00f1o posgrado 2019<\/p>\n<p>[\/vc_column_text][\/vc_column][vc_column width=\u00bb1\/3&#8243;]<div class=\"wpb_content_element \"><iframe loading=\"lazy\" src=\"https:\/\/www.youtube.com\/embed\/DTOC9j_n-FY\" width=\"560\" height=\"315\" frameborder=\"0\" allowfullscreen=\"allowfullscreen\"><\/iframe><\/div>[vc_column_text]<\/p>\n<p style=\"text-align: center;\"><strong>JUAN PABLO CORRALES<\/strong><br \/>\nAlumno 2do a\u00f1o posgrado 2019<\/p>\n<p>[\/vc_column_text][\/vc_column][vc_column width=\u00bb1\/3&#8243;]<div class=\"wpb_content_element \"><iframe loading=\"lazy\" src=\"https:\/\/www.youtube.com\/embed\/Gw7o1OHNVUc\" width=\"560\" height=\"315\" frameborder=\"0\" allowfullscreen=\"allowfullscreen\"><\/iframe><\/div>[vc_column_text]<\/p>\n<p style=\"text-align: center;\"><strong>D\u00c9BORA PEDACE<\/strong><br \/>\nAlumna 2do a\u00f1o posgrado 2019<\/p>\n<p>[\/vc_column_text][\/vc_column][\/vc_row][\/vc_section][vc_row el_id=\u00bbcontacto\u00bb][vc_column][ut_title_divider_2 divider=\u00bbbklyn-divider-style-4&#8243;][\/ut_title_divider_2]<div class=\"wpb_content_element \"><iframe loading=\"lazy\" style=\"display: block; margin-left: auto; margin-right: auto; max-width: 100%;\" src=\"https:\/\/ef3331e6.sibforms.com\/serve\/MUIFAMJWA387WxaMhNPprhbXDLqZz9nGON8_H3U-sIfvAfEsqXQgfekV_abK1ZNP-TV_GdBVfREI1uZQrBYkUTK7hq6RR9BpnCL9vgCr2vkUvIt2Pd1QlSfc5LoBhyUoe-68iUexURsLlO-DgrsYvlYe_BQusT-pgjZU00CB_Ol6y4dDuMLzrcEpNZRdQxhAKG0rDWwOiRV1bYSv\" width=\"540\" height=\"800\" frameborder=\"0\" scrolling=\"auto\" allowfullscreen=\"allowfullscreen\"><\/iframe><\/div>[vc_row_inner el_id=\u00bbpreguntas-frecuentes\u00bb][vc_column_inner]<div class=\"wpb_content_element \"><style type=\"text\/css\" scoped>#ut_header_69f3e71cacdff.pt-style-2 .page-title:after, #ut_header_69f3e71cacdff.pt-style-2 .parallax-title:after, #ut_header_69f3e71cacdff.pt-style-2 .section-title:after {background-color:!important;height: ;width: ;}<\/style><header id=\"ut_header_69f3e71cacdff\" class=\"section-header pt-style-2 header-left\"><h2  class=\"section-title \"><span><b>Preguntas frecuentes<\/b><\/span><\/h2><\/header><\/div>[vc_column_text]<\/p>\n<h4><b>\u00bfA qui\u00e9n est\u00e1 dirigido?<\/b><\/h4>\n<p><span style=\"font-weight: 400;\">Psic\u00f3logos, Psiquiatras o Psicopedagogos egresados universitarios que quieran obtener entrenamiento en las habilidades terap\u00e9uticas requeridas y la formaci\u00f3n te\u00f3rica necesaria para la pr\u00e1ctica de la Psicoterapia Breve sist\u00e9mico-estrat\u00e9gica.<\/span><\/p>\n<h4><b>\u00bfC\u00f3mo y cu\u00e1nto tiempo se cursa?<\/b><\/h4>\n<p><span style=\"font-weight: 400;\">El programa del Posgrado ha sido organizado en dos ciclos, uno b\u00e1sico inicial y un segundo ciclo superior. Ambos se cursan de abril a noviembre y de manera consecutiva.\u00a0<\/span><\/p>\n<ul>\n<li><span style=\"font-weight: 400;\">Al finalizar el primer a\u00f1o se obtendr\u00e1 el t\u00edtulo: Diplomatura en Psicoterapia Breve Sist\u00e9mica.\u00a0<\/span><\/li>\n<li><span style=\"font-weight: 400;\">Al finalizar el segundo a\u00f1o se certificar\u00e1 con t\u00edtulo: Posgrado en Psicoterapia Breve Sist\u00e9mica*<\/span><\/li>\n<\/ul>\n<p><span style=\"font-weight: 400;\">La orientaci\u00f3n del posgrado es claramente pr\u00e1ctica por lo que podemos afirmar que al finalizar, el egresado poseer\u00e1 un conjunto de conocimientos y destrezas que le permitir\u00e1n no s\u00f3lo saber, sino <\/span><b>saber hacer<\/b><span style=\"font-weight: 400;\">.<\/span><\/p>\n<p><em><span style=\"font-weight: 400;\">* Si el postulante cuenta con experiencia comprobable en el modelo de terapia estrat\u00e9gica podr\u00e1 matricularse directamente en segundo a\u00f1o.<\/span><\/em><\/p>\n<h4><b>\u00bfCu\u00e1l es la modalidad de cursada?<\/b><\/h4>\n<p><span style=\"font-weight: 400;\">El Posgrado cuenta con una modalidad online en vivo los d\u00edas viernes de 14 a 17 hs (UTM -3) y adem\u00e1s se ofrece un campus virtual donde los alumnos tendr\u00e1n acceso los 7 d\u00edas de la semana, las 24 hs del d\u00eda recibir\u00e1n material, bibliograf\u00eda, presentaciones, ejercicios, evaluaciones y mucho m\u00e1s.<\/span><\/p>\n<h4><b>\u00bfC\u00f3mo son las evaluaciones? \u00bfSon obligatorias?<\/b><\/h4>\n<p><span style=\"font-weight: 400;\">Las evaluaciones son de aprobaci\u00f3n obligatoria, pueden ser de formato multiple choice, de preguntas para resolver en la plataforma, ejercicios grupales, o trabajos que el docente pedir\u00e1.\u00a0<\/span><\/p>\n<p><span style=\"font-weight: 400;\">Para cumplimentar la certificaci\u00f3n, el alumno debe haber aprobado todas las evaluaciones y haber asistido un m\u00ednimo del 70% a las clases ya sea de manera sincr\u00f3nica en el zoom, o viendo luego la clase que queda grabada.<\/span><\/p>\n<h4><b>\u00bfEn qu\u00e9 consiste el proceso de inscripci\u00f3n?<\/b><\/h4>\n<p><span style=\"font-weight: 400;\">Si est\u00e1s interesado en nuestra propuesta, podes inscribirte a trav\u00e9s del siguiente formulario a la pr\u00f3xima charla informativa. Inmediatamente despu\u00e9s de la charla recibir\u00e1s la opci\u00f3n de agendar una entrevista de admisi\u00f3n individual de media hora de duraci\u00f3n con la coordinadora del Posgrado.<\/span>[\/vc_column_text][\/vc_column_inner][\/vc_row_inner][\/vc_column][\/vc_row]<\/p>\n<\/section>","protected":false},"excerpt":{"rendered":"<p>[vc_section bklyn_overlay=\u00bbtrue\u00bb bklyn_overlay_pattern=\u00bbtrue\u00bb el_id=\u00bbtitulo\u00bb css=\u00bb.vc_custom_1670255952349{background-image: url(https:\/\/cpp.com.ar\/formacion\/wp-content\/uploads\/sites\/3\/2022\/12\/pweb.jpg?id=7842) !important;}\u00bb bklyn_overlay_color=\u00bbrgba(0, 0, 0, 0.32)\u00bb][vc_row][vc_column][vc_column_text] Inscripciones cerradas Modalidad: online en vivo y contenidos asincr\u00f3nicos Doble titulaci\u00f3n (al finalizar primero y segundo a\u00f1o) [\/vc_column_text][\/vc_column][\/vc_row][vc_row][vc_column width=\u00bb1\/4&#8243;][\/vc_column][vc_column width=\u00bb1\/4&#8243;][\/vc_column][vc_column width=\u00bb1\/4&#8243;][\/vc_column][vc_column width=\u00bb1\/4&#8243;][\/vc_column][\/vc_row][\/vc_section][vc_section bklyn_section_anchor_id=\u00bbAbout\u00bb][vc_row][vc_column width=\u00bb2\/3&#8243;][vc_column_text] Nuestro posgrado nace a partir de la experiencia de m\u00e1s de 40 a\u00f1os del Centro Privado de Psicoterapias asistiendo a\u00a0 [&hellip;]<\/p>\n","protected":false},"author":1,"featured_media":7842,"parent":0,"menu_order":0,"comment_status":"closed","ping_status":"closed","template":"","meta":{"footnotes":""},"acf":[],"_links":{"self":[{"href":"https:\/\/cpp.com.ar\/formacion\/wp-json\/wp\/v2\/pages\/146"}],"collection":[{"href":"https:\/\/cpp.com.ar\/formacion\/wp-json\/wp\/v2\/pages"}],"about":[{"href":"https:\/\/cpp.com.ar\/formacion\/wp-json\/wp\/v2\/types\/page"}],"author":[{"embeddable":true,"href":"https:\/\/cpp.com.ar\/formacion\/wp-json\/wp\/v2\/users\/1"}],"replies":[{"embeddable":true,"href":"https:\/\/cpp.com.ar\/formacion\/wp-json\/wp\/v2\/comments?post=146"}],"version-history":[{"count":103,"href":"https:\/\/cpp.com.ar\/formacion\/wp-json\/wp\/v2\/pages\/146\/revisions"}],"predecessor-version":[{"id":8437,"href":"https:\/\/cpp.com.ar\/formacion\/wp-json\/wp\/v2\/pages\/146\/revisions\/8437"}],"wp:featuredmedia":[{"embeddable":true,"href":"https:\/\/cpp.com.ar\/formacion\/wp-json\/wp\/v2\/media\/7842"}],"wp:attachment":[{"href":"https:\/\/cpp.com.ar\/formacion\/wp-json\/wp\/v2\/media?parent=146"}],"curies":[{"name":"wp","href":"https:\/\/api.w.org\/{rel}","templated":true}]}}